{"id":247695,"date":"2023-05-09T14:09:44","date_gmt":"2023-05-09T12:09:44","guid":{"rendered":"https:\/\/www.comptoirdubambou.com\/?page_id=247695"},"modified":"2025-10-24T17:07:47","modified_gmt":"2025-10-24T15:07:47","slug":"faq","status":"publish","type":"page","link":"https:\/\/www.comptoirdubambou.com\/en\/faq\/","title":{"rendered":"FAQ"},"content":{"rendered":"<p>[et_pb_section fb_built=\u00a0\u00bb1&Prime; next_background_color=\u00a0\u00bbRGBA(255,255,255,0)\u00a0\u00bb _builder_version=\u00a0\u00bb4.21.0&Prime; _module_preset=\u00a0\u00bbdefault\u00a0\u00bb background_color=\u00a0\u00bb#F2EFF0&Prime; use_background_color_gradient=\u00a0\u00bbon\u00a0\u00bb background_color_gradient_type=\u00a0\u00bbcircular\u00a0\u00bb background_color_gradient_stops=\u00a0\u00bbrgba(74,86,97,0.21) 0%|rgba(74,86,97,0.13) 100%\u00a0\u00bb background_color_gradient_overlays_image=\u00a0\u00bbon\u00a0\u00bb background_image=\u00a0\u00bbhttps:\/\/www.comptoirdubambou.com\/wp-content\/uploads\/2023\/05\/AdobeStock_205471395.jpeg\u00a0\u00bb custom_padding=\u00a0\u00bb||112px|||\u00a0\u00bb bottom_divider_style=\u00a0\u00bbwave\u00a0\u00bb bottom_divider_flip=\u00a0\u00bbhorizontal\u00a0\u00bb global_colors_info=\u00a0\u00bb{}\u00a0\u00bb][et_pb_row _builder_version=\u00a0\u00bb4.19.4&Prime; _module_preset=\u00a0\u00bbdefault\u00a0\u00bb custom_margin=\u00a0\u00bb17vh||17vh||true|false\u00a0\u00bb global_colors_info=\u00a0\u00bb{}\u00a0\u00bb][et_pb_column type=\u00a0\u00bb4_4&Prime; _builder_version=\u00a0\u00bb4.19.4&Prime; _module_preset=\u00a0\u00bbdefault\u00a0\u00bb global_colors_info=\u00a0\u00bb{}\u00a0\u00bb][et_pb_text _builder_version=\u00a0\u00bb4.21.0&Prime; _module_preset=\u00a0\u00bbdefault\u00a0\u00bb text_font=\u00a0\u00bb|||on|||||\u00a0\u00bb header_font=\u00a0\u00bbOpen Sans|700||on|||||\u00a0\u00bb header_text_align=\u00a0\u00bbcenter\u00a0\u00bb header_text_color=\u00a0\u00bb#F7F7F7&Prime; header_font_size=\u00a0\u00bb35px\u00a0\u00bb header_letter_spacing=\u00a0\u00bb10px\u00a0\u00bb global_colors_info=\u00a0\u00bb{}\u00a0\u00bb]<\/p>\n<h1><span data-metadata=\"&lt;!--(figmeta)eyJmaWxlS2V5IjoiYjR1UTU3cnh4VWpKeGlLeWFJYXRFUyIsInBhc3RlSUQiOjk4Njc0MjE1NiwiZGF0YVR5cGUiOiJzY2VuZSJ9Cg==(\/figmeta)--&gt;\"><\/span>questions fr\u00e9quentes<\/h1>\n<p>[\/et_pb_text][\/et_pb_column][\/et_pb_row][\/et_pb_section][et_pb_section fb_built=\u00a0\u00bb1&Prime; _builder_version=\u00a0\u00bb4.21.0&Prime; _module_preset=\u00a0\u00bbdefault\u00a0\u00bb background_color=\u00a0\u00bbRGBA(255,255,255,0)\u00a0\u00bb custom_padding=\u00a0\u00bb||0px|||\u00a0\u00bb global_colors_info=\u00a0\u00bb{}\u00a0\u00bb][et_pb_row _builder_version=\u00a0\u00bb4.21.0&Prime; _module_preset=\u00a0\u00bbdefault\u00a0\u00bb global_colors_info=\u00a0\u00bb{}\u00a0\u00bb][et_pb_column type=\u00a0\u00bb4_4&Prime; _builder_version=\u00a0\u00bb4.21.0&Prime; _module_preset=\u00a0\u00bbdefault\u00a0\u00bb global_colors_info=\u00a0\u00bb{}\u00a0\u00bb][et_pb_text _builder_version=\u00a0\u00bb4.21.0&Prime; _module_preset=\u00a0\u00bbdefault\u00a0\u00bb global_colors_info=\u00a0\u00bb{}\u00a0\u00bb]<\/p>\n<p style=\"text-align: center;\">Bienvenue dans la FAQ Comptoir du Bambou en esp\u00e9rant r\u00e9pondre \u00e0 toutes vos questions.<\/p>\n<p>[\/et_pb_text][\/et_pb_column][\/et_pb_row][\/et_pb_section][et_pb_section fb_built=\u00a0\u00bb1&Prime; _builder_version=\u00a0\u00bb4.21.0&Prime; _module_preset=\u00a0\u00bbdefault\u00a0\u00bb background_color=\u00a0\u00bbRGBA(255,255,255,0)\u00a0\u00bb custom_padding=\u00a0\u00bb26px|||||\u00a0\u00bb locked=\u00a0\u00bboff\u00a0\u00bb global_colors_info=\u00a0\u00bb{}\u00a0\u00bb][et_pb_row use_custom_gutter=\u00a0\u00bbon\u00a0\u00bb gutter_width=\u00a0\u00bb4&Prime; make_equal=\u00a0\u00bbon\u00a0\u00bb _builder_version=\u00a0\u00bb4.21.0&Prime; _module_preset=\u00a0\u00bbdefault\u00a0\u00bb width=\u00a0\u00bb100%\u00a0\u00bb max_width=\u00a0\u00bb1226px\u00a0\u00bb custom_margin=\u00a0\u00bb-17px|auto||auto||\u00a0\u00bb custom_padding=\u00a0\u00bb||24px|||\u00a0\u00bb global_colors_info=\u00a0\u00bb{}\u00a0\u00bb][et_pb_column type=\u00a0\u00bb4_4&Prime; _builder_version=\u00a0\u00bb4.21.0&Prime; _module_preset=\u00a0\u00bbdefault\u00a0\u00bb global_colors_info=\u00a0\u00bb{}\u00a0\u00bb][et_pb_text _builder_version=\u00a0\u00bb4.24.2&Prime; _module_preset=\u00a0\u00bbdefault\u00a0\u00bb header_2_text_color=\u00a0\u00bb#AD9499&Prime; header_2_font_size=\u00a0\u00bb30px\u00a0\u00bb custom_margin=\u00a0\u00bb||15px|||\u00a0\u00bb custom_padding_tablet=\u00a0\u00bb\u00a0\u00bb custom_padding_phone=\u00a0\u00bb|||20px|false|false\u00a0\u00bb custom_padding_last_edited=\u00a0\u00bbon|phone\u00a0\u00bb global_colors_info=\u00a0\u00bb{}\u00a0\u00bb]<\/p>\n<h2>FAQ PRODUITS<\/h2>\n<p>[\/et_pb_text][et_pb_text _builder_version=\u00a0\u00bb4.24.2&Prime; _module_preset=\u00a0\u00bbdefault\u00a0\u00bb header_2_text_color=\u00a0\u00bb#AD9499&Prime; header_2_font_size=\u00a0\u00bb30px\u00a0\u00bb header_3_text_color=\u00a0\u00bb#4A5661&Prime; custom_margin=\u00a0\u00bb||15px|||\u00a0\u00bb custom_padding=\u00a0\u00bb||0px|||\u00a0\u00bb custom_padding_tablet=\u00a0\u00bb||0px|||\u00a0\u00bb custom_padding_phone=\u00a0\u00bb||0px|23px|false|false\u00a0\u00bb custom_padding_last_edited=\u00a0\u00bbon|phone\u00a0\u00bb global_colors_info=\u00a0\u00bb{}\u00a0\u00bb]<\/p>\n<h3>Questions G\u00e9narales<\/h3>\n<p>[\/et_pb_text][et_pb_accordion open_toggle_text_color=\u00a0\u00bb#154D7F\u00a0\u00bb closed_toggle_background_color=\u00a0\u00bb#F7F7F7&Prime; icon_color=\u00a0\u00bb#AD9499&Prime; _builder_version=\u00a0\u00bb4.24.2&Prime; _module_preset=\u00a0\u00bbdefault\u00a0\u00bb toggle_text_color=\u00a0\u00bb#154D7F\u00a0\u00bb toggle_level=\u00a0\u00bbh3&Prime; toggle_font=\u00a0\u00bbOpen Sans||||||||\u00a0\u00bb toggle_font_size=\u00a0\u00bb16px\u00a0\u00bb toggle_letter_spacing=\u00a0\u00bb2px\u00a0\u00bb toggle_line_height=\u00a0\u00bb1.1em\u00a0\u00bb custom_margin_tablet=\u00a0\u00bb\u00a0\u00bb custom_margin_phone=\u00a0\u00bb||22px||false|false\u00a0\u00bb custom_margin_last_edited=\u00a0\u00bbon|phone\u00a0\u00bb hover_enabled=\u00a0\u00bb0&Prime; global_colors_info=\u00a0\u00bb{}\u00a0\u00bb sticky_enabled=\u00a0\u00bb0&Prime;][et_pb_accordion_item title=\u00a0\u00bbQui est Comptoir du Bambou ?\u00a0\u00bb open=\u00a0\u00bbon\u00a0\u00bb _builder_version=\u00a0\u00bb4.24.2&Prime; _module_preset=\u00a0\u00bbdefault\u00a0\u00bb global_colors_info=\u00a0\u00bb{}\u00a0\u00bb]<\/p>\n<p>Comptoir du Bambou est une marque fran\u00e7aise sp\u00e9cialis\u00e9e dans le linge de maison haut de gamme fabriqu\u00e9 \u00e0 partir de fibres naturelles de bambou. Nous proposons des collections de linge de lit, linge de bain, couettes et oreiller et plus globalement du linge de maison. Notre linge allie \u00e9l\u00e9gance, durabilit\u00e9 et confort exceptionnel.<\/p>\n<p>[\/et_pb_accordion_item][et_pb_accordion_item title=\u00a0\u00bbPourquoi avoir choisi le bambou ?\u00a0\u00bb _builder_version=\u00a0\u00bb4.24.2&Prime; _module_preset=\u00a0\u00bbdefault\u00a0\u00bb global_colors_info=\u00a0\u00bb{}\u00a0\u00bb open=\u00a0\u00bboff\u00a0\u00bb]<\/p>\n<div class=\"et_pb_toggle et_pb_module et_pb_accordion_item et_pb_accordion_item_1 et_pb_toggle_open\">\n<div class=\"et_pb_toggle_content clearfix\">\n<p>Le bambou est une ressource renouvelable, n\u00e9cessitant peu d\u2019eau et aucun pesticide pour sa culture. Il permet de produire une fibre douce, respirante et naturellement antibact\u00e9rienne \u2014 id\u00e9ale pour un linge de maison sain et durable. La production de notre fibre de bambou et la confection de notre linge de maison en fait un des produit les plus haut de gamme du march\u00e9.<\/p>\n<\/div>\n<\/div>\n<p>[\/et_pb_accordion_item][et_pb_accordion_item title=\u00a0\u00bbO\u00f9 sont fabriqu\u00e9s vos produits ?\u00a0\u00bb _builder_version=\u00a0\u00bb4.24.2&Prime; _module_preset=\u00a0\u00bbdefault\u00a0\u00bb global_colors_info=\u00a0\u00bb{}\u00a0\u00bb open=\u00a0\u00bboff\u00a0\u00bb]<\/p>\n<div class=\"et_pb_module et_pb_accordion et_pb_accordion_0\">\n<div class=\"et_pb_toggle et_pb_module et_pb_accordion_item et_pb_accordion_item_2 et_pb_toggle_open\">\n<div class=\"et_pb_toggle_content clearfix\">\n<p data-start=\"1236\" data-end=\"1460\">Nos produits sont con\u00e7us en Europe et fabriqu\u00e9s de mani\u00e8re \u00e9thique dans des ateliers partenaires soigneusement s\u00e9lectionn\u00e9s pour leur savoir-faire et leur respect de l\u2019environnement. Tous nos ateliers ont les normes ISO garantissant avant tout la qualit\u00e9, la s\u00e9curit\u00e9 et l\u2019efficacit\u00e9 des produits et des process.<\/p>\n<p data-start=\"1462\" data-end=\"1643\">\n<\/div>\n<\/div>\n<\/div>\n<p>[\/et_pb_accordion_item][et_pb_accordion_item title=\u00a0\u00bbPouvez-vous proposer des coloris sp\u00e9cifiques ou des cr\u00e9ations exclusives ?\u00a0\u00bb _builder_version=\u00a0\u00bb4.24.2&Prime; _module_preset=\u00a0\u00bbdefault\u00a0\u00bb hover_enabled=\u00a0\u00bb0&Prime; sticky_enabled=\u00a0\u00bb0&Prime;]<\/p>\n<p data-start=\"1666\" data-end=\"1958\">Oui, nous r\u00e9alisons des teintes sur mesure ou des collections exclusives selon votre charte esth\u00e9tique (minimum de commande requis).<br data-start=\"1806\" data-end=\"1809\" \/>Nos stylistes peuvent \u00e9galement vous accompagner dans la cr\u00e9ation d\u2019une ligne de linge \u00e0 votre image : finitions, coloris, surpiq\u00fbres, broderies\u2026<\/p>\n<p>[\/et_pb_accordion_item][et_pb_accordion_item title=\u00a0\u00bbComment Comptoir du Bambou contribue-t-il \u00e0 la r\u00e9duction de l\u2019empreinte carbone des h\u00f4tels ?\u00a0\u00bb _builder_version=\u00a0\u00bb4.24.2&Prime; _module_preset=\u00a0\u00bbdefault\u00a0\u00bb hover_enabled=\u00a0\u00bb0&Prime; sticky_enabled=\u00a0\u00bb0&Prime;]<\/p>\n<p data-start=\"3050\" data-end=\"3364\">Nos produits sont con\u00e7us pour durer plus longtemps et n\u00e9cessitent moins d\u2019eau et d\u2019\u00e9nergie \u00e0 entretenir.<br data-start=\"3162\" data-end=\"3165\" \/>De plus, notre cha\u00eene logistique est optimis\u00e9e : circuits courts, emballages recycl\u00e9s et recyclables, production \u00e9thique.<br data-start=\"3290\" data-end=\"3293\" \/>R\u00e9sultat : une r\u00e9duction mesurable de votre impact environnemental.<\/p>\n<p>[\/et_pb_accordion_item][et_pb_accordion_item title=\u00a0\u00bbTravaillez-vous avec des \u00e9tablissements engag\u00e9s dans une d\u00e9marche RSE ?\u00a0\u00bb _builder_version=\u00a0\u00bb4.24.2&Prime; _module_preset=\u00a0\u00bbdefault\u00a0\u00bb hover_enabled=\u00a0\u00bb0&Prime; sticky_enabled=\u00a0\u00bb0&Prime;]<\/p>\n<p data-start=\"3451\" data-end=\"3722\">Oui, de nombreux partenaires h\u00f4teliers choisissent Comptoir du Bambou dans le cadre de leur politique RSE.<br data-start=\"3561\" data-end=\"3564\" \/>Nous fournissons les informations environnementales et les bilans carbone produits pour vos d\u00e9marches de certification (Green Key, Clef Verte, Ecolabel\u2026).<\/p>\n<p>[\/et_pb_accordion_item][et_pb_accordion_item title=\u00a0\u00bbComment puis-je devenir partenaire Comptoir du Bambou ?\u00a0\u00bb _builder_version=\u00a0\u00bb4.24.2&Prime; _module_preset=\u00a0\u00bbdefault\u00a0\u00bb hover_enabled=\u00a0\u00bb0&Prime; sticky_enabled=\u00a0\u00bb0&Prime;]<\/p>\n<p data-start=\"3833\" data-end=\"4063\">Il vous suffit de nous contacter via le formulaire \u201cEspace Professionnels\u201d du site.<br data-start=\"3920\" data-end=\"3923\" \/>Un membre de notre \u00e9quipe vous recontactera pour comprendre vos besoins et construire une offre personnalis\u00e9e selon votre \u00e9tablissement.<\/p>\n<p>[\/et_pb_accordion_item][\/et_pb_accordion][et_pb_text _builder_version=\u00a0\u00bb4.24.2&Prime; _module_preset=\u00a0\u00bbdefault\u00a0\u00bb header_2_text_color=\u00a0\u00bb#AD9499&Prime; header_2_font_size=\u00a0\u00bb30px\u00a0\u00bb header_3_text_color=\u00a0\u00bb#4A5661&Prime; custom_margin=\u00a0\u00bb||15px|||\u00a0\u00bb custom_padding=\u00a0\u00bb||0px|||\u00a0\u00bb custom_padding_tablet=\u00a0\u00bb||0px|||\u00a0\u00bb custom_padding_phone=\u00a0\u00bb||0px|23px|false|false\u00a0\u00bb custom_padding_last_edited=\u00a0\u00bbon|phone\u00a0\u00bb global_colors_info=\u00a0\u00bb{}\u00a0\u00bb]<\/p>\n<h3>Le linge en Bambou<\/h3>\n<p>[\/et_pb_text][et_pb_accordion open_toggle_text_color=\u00a0\u00bb#154D7F\u00a0\u00bb closed_toggle_background_color=\u00a0\u00bb#F7F7F7&Prime; icon_color=\u00a0\u00bb#AD9499&Prime; _builder_version=\u00a0\u00bb4.24.2&Prime; _module_preset=\u00a0\u00bbdefault\u00a0\u00bb toggle_text_color=\u00a0\u00bb#154D7F\u00a0\u00bb toggle_level=\u00a0\u00bbh3&Prime; toggle_font=\u00a0\u00bbOpen Sans||||||||\u00a0\u00bb toggle_font_size=\u00a0\u00bb16px\u00a0\u00bb toggle_letter_spacing=\u00a0\u00bb2px\u00a0\u00bb toggle_line_height=\u00a0\u00bb1.1em\u00a0\u00bb custom_margin_tablet=\u00a0\u00bb\u00a0\u00bb custom_margin_phone=\u00a0\u00bb||22px||false|false\u00a0\u00bb custom_margin_last_edited=\u00a0\u00bbon|phone\u00a0\u00bb global_colors_info=\u00a0\u00bb{}\u00a0\u00bb][et_pb_accordion_item title=\u00a0\u00bbQuelle est la dur\u00e9e de vie du linge en bambou ?\u00a0\u00bb open=\u00a0\u00bbon\u00a0\u00bb _builder_version=\u00a0\u00bb4.24.2&Prime; _module_preset=\u00a0\u00bbdefault\u00a0\u00bb global_colors_info=\u00a0\u00bb{}\u00a0\u00bb]<\/p>\n<p data-start=\"1462\" data-end=\"1643\">Le linge de bambou dure environ trois fois plus longtemps qu\u2019un linge en coton classique, \u00e0 condition d\u2019un entretien adapt\u00e9.<\/p>\n<p data-start=\"1645\" data-end=\"1842\">[\/et_pb_accordion_item][et_pb_accordion_item title=\u00a0\u00bbLe linge en bambou est-il adapt\u00e9 aux peaux sensibles ?\u00a0\u00bb _builder_version=\u00a0\u00bb4.24.2&Prime; _module_preset=\u00a0\u00bbdefault\u00a0\u00bb global_colors_info=\u00a0\u00bb{}\u00a0\u00bb open=\u00a0\u00bboff\u00a0\u00bb]<\/p>\n<div class=\"et_pb_toggle et_pb_module et_pb_accordion_item et_pb_accordion_item_1 et_pb_toggle_open\">\n<div class=\"et_pb_toggle_content clearfix\">\n<p>Oui, la fibre de bambou est hypoallerg\u00e9nique, douce et naturellement antibact\u00e9rienne, id\u00e9ale pour les peaux sensibles ou allergiques. Il est d&rsquo;ailleurs souvent recommand\u00e9 pour les nouveaux n\u00e9s ou les personnes qui ont la peau sensible.<\/p>\n<\/div>\n<\/div>\n<p>[\/et_pb_accordion_item][\/et_pb_accordion][et_pb_text _builder_version=\u00a0\u00bb4.24.2&Prime; _module_preset=\u00a0\u00bbdefault\u00a0\u00bb header_2_text_color=\u00a0\u00bb#AD9499&Prime; header_2_font_size=\u00a0\u00bb30px\u00a0\u00bb header_3_text_color=\u00a0\u00bb#4A5661&Prime; custom_margin=\u00a0\u00bb||15px|||\u00a0\u00bb custom_padding=\u00a0\u00bb||0px|||\u00a0\u00bb custom_padding_tablet=\u00a0\u00bb||0px|||\u00a0\u00bb custom_padding_phone=\u00a0\u00bb||0px|23px|false|false\u00a0\u00bb custom_padding_last_edited=\u00a0\u00bbon|phone\u00a0\u00bb global_colors_info=\u00a0\u00bb{}\u00a0\u00bb]<\/p>\n<h3>Le linge de lit<\/h3>\n<p>[\/et_pb_text][et_pb_accordion open_toggle_text_color=\u00a0\u00bb#154D7F\u00a0\u00bb closed_toggle_background_color=\u00a0\u00bb#F7F7F7&Prime; icon_color=\u00a0\u00bb#AD9499&Prime; _builder_version=\u00a0\u00bb4.24.2&Prime; _module_preset=\u00a0\u00bbdefault\u00a0\u00bb toggle_text_color=\u00a0\u00bb#154D7F\u00a0\u00bb toggle_level=\u00a0\u00bbh3&Prime; toggle_font=\u00a0\u00bbOpen Sans||||||||\u00a0\u00bb toggle_font_size=\u00a0\u00bb16px\u00a0\u00bb toggle_letter_spacing=\u00a0\u00bb2px\u00a0\u00bb toggle_line_height=\u00a0\u00bb1.1em\u00a0\u00bb custom_margin_tablet=\u00a0\u00bb\u00a0\u00bb custom_margin_phone=\u00a0\u00bb||22px||false|false\u00a0\u00bb custom_margin_last_edited=\u00a0\u00bbon|phone\u00a0\u00bb global_colors_info=\u00a0\u00bb{}\u00a0\u00bb][et_pb_accordion_item title=\u00a0\u00bbQuelle mati\u00e8re de linge de lit choisir ?\u00a0\u00bb open=\u00a0\u00bbon\u00a0\u00bb _builder_version=\u00a0\u00bb4.21.0&Prime; _module_preset=\u00a0\u00bbdefault\u00a0\u00bb global_colors_info=\u00a0\u00bb{}\u00a0\u00bb]<\/p>\n<p><span>En tant que marque de linge de lit sp\u00e9cialis\u00e9, nous pouvons vous recommander nos produits pour une exp\u00e9rience de sommeil confortable et \u00e9cologique. Le linge Comptoir du Bambou est doux, respirant, durable, de bonne qualit\u00e9 et facile \u00e0 entretenir. Nos draps, taies d\u2019oreiller et housses de couette sont fabriqu\u00e9s \u00e0 partir de fibres de bambou de haute qualit\u00e9 pour offrir une exp\u00e9rience de sommeil exceptionnelle \u00e0 vos clients. Offrez \u00e0 vos clients un sommeil de r\u00eave avec notre linge de lit pr\u00eat-\u00e0-dormir !<\/span><\/p>\n<p>[\/et_pb_accordion_item][et_pb_accordion_item title=\u00a0\u00bbEst ce que le Linge de lit \u00e0 besoin de se repasser ?\u00a0\u00bb _builder_version=\u00a0\u00bb4.21.0&Prime; _module_preset=\u00a0\u00bbdefault\u00a0\u00bb global_colors_info=\u00a0\u00bb{}\u00a0\u00bb open=\u00a0\u00bboff\u00a0\u00bb]<\/p>\n<div class=\"et_pb_toggle et_pb_module et_pb_accordion_item et_pb_accordion_item_1 et_pb_toggle_open\">\n<div class=\"et_pb_toggle_content clearfix\">\n<p><span>Le linge de lit Comptoir du Bambou est facile \u00e0 entretenir et ne n\u00e9cessite g\u00e9n\u00e9ralement pas de repassage. En effet, la fibre de bambou est l\u00e9g\u00e8re, souple et soyeuse ce qui permet d\u2019\u00e9viter de faire des plis marqu\u00e9s. Dans la mesure o\u00f9 les plis sont limit\u00e9s, vous pouvez repasser votre linge de lit en fibre de bambou facilement et rapidement.\u00a0<\/span><\/p>\n<\/div>\n<\/div>\n<div class=\"et_pb_toggle et_pb_module et_pb_accordion_item et_pb_accordion_item_2  et_pb_toggle_close\"><\/div>\n<p>[\/et_pb_accordion_item][et_pb_accordion_item title=\u00a0\u00bbQuand laver son linge de lit ?\u00a0\u00bb _builder_version=\u00a0\u00bb4.21.0&Prime; _module_preset=\u00a0\u00bbdefault\u00a0\u00bb global_colors_info=\u00a0\u00bb{}\u00a0\u00bb open=\u00a0\u00bboff\u00a0\u00bb]<\/p>\n<div class=\"et_pb_module et_pb_accordion et_pb_accordion_0\">\n<div class=\"et_pb_toggle et_pb_module et_pb_accordion_item et_pb_accordion_item_2 et_pb_toggle_open\">\n<div class=\"et_pb_toggle_content clearfix\">\n<p><span>Nous recommandons de laver votre linge de lit r\u00e9guli\u00e8rement pour maintenir sa propret\u00e9 et son hygi\u00e8ne. Nous vous conseillons de laver vos draps, taies d\u2019oreiller et housses de couette toutes les 1 \u00e0 2 semaines, en fonction de la fr\u00e9quence d\u2019utilisation et de la transpiration corporelle. Bonne nouvelle, avec notre linge de lit en fibre de bambou, pas besoin d\u2019utiliser de l\u2019adoucissant puisque notre fibre ne devient jamais r\u00eache.\u00a0<\/span><\/p>\n<\/div>\n<\/div>\n<\/div>\n<p>[\/et_pb_accordion_item][et_pb_accordion_item title=\u00a0\u00bbQuelle est la diff\u00e9rence entre le satin de bambou et le coton ?\u00a0\u00bb _builder_version=\u00a0\u00bb4.24.2&Prime; _module_preset=\u00a0\u00bbdefault\u00a0\u00bb global_colors_info=\u00a0\u00bb{}\u00a0\u00bb open=\u00a0\u00bboff\u00a0\u00bb]<\/p>\n<p data-start=\"963\" data-end=\"1234\">Le satin de bambou est plus doux, plus respirant et plus durable que le coton. Il offre un toucher soyeux comparable \u00e0 la soie tout en r\u00e9gulant naturellement la temp\u00e9rature, pour un sommeil optimal.<\/p>\n<p data-start=\"1236\" data-end=\"1460\">[\/et_pb_accordion_item][\/et_pb_accordion][et_pb_text _builder_version=\u00a0\u00bb4.24.2&Prime; _module_preset=\u00a0\u00bbdefault\u00a0\u00bb header_2_text_color=\u00a0\u00bb#AD9499&Prime; header_2_font_size=\u00a0\u00bb30px\u00a0\u00bb header_3_text_color=\u00a0\u00bb#4A5661&Prime; custom_margin=\u00a0\u00bb||30px|||\u00a0\u00bb custom_padding_tablet=\u00a0\u00bb\u00a0\u00bb custom_padding_phone=\u00a0\u00bb|||23px|false|false\u00a0\u00bb custom_padding_last_edited=\u00a0\u00bbon|phone\u00a0\u00bb global_colors_info=\u00a0\u00bb{}\u00a0\u00bb]<\/p>\n<h3>Le linge de bain<\/h3>\n<p>[\/et_pb_text][et_pb_accordion open_toggle_text_color=\u00a0\u00bb#154D7F\u00a0\u00bb closed_toggle_background_color=\u00a0\u00bb#F7F7F7&Prime; icon_color=\u00a0\u00bb#AD9499&Prime; _builder_version=\u00a0\u00bb4.21.0&Prime; _module_preset=\u00a0\u00bbdefault\u00a0\u00bb toggle_text_color=\u00a0\u00bb#154D7F\u00a0\u00bb toggle_level=\u00a0\u00bbh3&Prime; toggle_font=\u00a0\u00bbOpen Sans||||||||\u00a0\u00bb toggle_font_size=\u00a0\u00bb16px\u00a0\u00bb toggle_letter_spacing=\u00a0\u00bb2px\u00a0\u00bb toggle_line_height=\u00a0\u00bb1.1em\u00a0\u00bb custom_margin_tablet=\u00a0\u00bb\u00a0\u00bb custom_margin_phone=\u00a0\u00bb||22px||false|false\u00a0\u00bb custom_margin_last_edited=\u00a0\u00bbon|phone\u00a0\u00bb global_colors_info=\u00a0\u00bb{}\u00a0\u00bb][et_pb_accordion_item title=\u00a0\u00bbPeut-on personnaliser le linge de bain \u00e0 l&rsquo;image de l&rsquo;h\u00f4tel ou du spa ?\u00a0\u00bb open=\u00a0\u00bboff\u00a0\u00bb _builder_version=\u00a0\u00bb4.21.0&Prime; _module_preset=\u00a0\u00bbdefault\u00a0\u00bb global_colors_info=\u00a0\u00bb{}\u00a0\u00bb]<\/p>\n<div class=\"et_pb_toggle et_pb_module et_pb_accordion_item et_pb_accordion_item_0  et_pb_toggle_open\">\n<div class=\"et_pb_toggle_content clearfix\">\n<p><span>Comptoir du Bambou accompagne tous les plus beaux \u00e9tablissements du monde. Naturellement nous proposons un service de personnalisation pour les h\u00f4tels et les spas. Le linge peut \u00eatre personnalis\u00e9 de plusieurs fa\u00e7ons : soit avec l\u2019ajout d\u2019une broderie \u00e0 l\u2019image de votre \u00e9tablissement, ce qui renforce votre niveau de gamme et votre accueil, soit en faisant r\u00e9aliser votre linge sur-mesure, avec le choix de la mati\u00e8re, du tissage, de la couleur et ajout de broderie.\u00a0<\/span><\/p>\n<p><span>Pour certains \u00e9tablissements nous proposons aussi de la diff\u00e9renciation retard\u00e9e en personnalisant le linge de bain avec les initials ou le nom des clients.<\/span><\/p>\n<p><span>Comptoir du Bambou vous accompagne dans la r\u00e9alisation et la conception de votre linge de bain. Chaque \u00e9tapes fait l\u2019objet d\u2019une validation de votre part.<\/span><\/p>\n<\/div>\n<\/div>\n<p>[\/et_pb_accordion_item][et_pb_accordion_item title=\u00a0\u00bbEst-ce que le linge de bain en nid d&rsquo;abeille en bambou absorbe mieux que du linge en coton ?\u00a0\u00bb _builder_version=\u00a0\u00bb4.21.0&Prime; _module_preset=\u00a0\u00bbdefault\u00a0\u00bb global_colors_info=\u00a0\u00bb{}\u00a0\u00bb open=\u00a0\u00bboff\u00a0\u00bb]<\/p>\n<div class=\"et_pb_toggle et_pb_module et_pb_accordion_item et_pb_accordion_item_2 et_pb_toggle_open\">\n<div class=\"et_pb_toggle_content clearfix\">\n<p><span>Le pouvoir d\u2019absorption du linge de bain en nid d\u2019aebille en bambou est 4 fois sup\u00e9rieur \u00e0 celui du coton. Or nous utilisons tr\u00e8s peu de solvants chimiques lors de la fabrication, ce qui permet de conserver une absorption optimale sur notre linge. Sont tissage gauffr\u00e9 aux finitions haut de gamme en font le linge id\u00e9al pour l\u2019\u00e9t\u00e9. Une fois sorti de la douche le s\u00e9chage est imm\u00e9diat, sans besoin de frotter sa peau.<\/span><\/p>\n<\/div>\n<\/div>\n<p>[\/et_pb_accordion_item][et_pb_accordion_item title=\u00a0\u00bbQuelles couleurs de linge de bain proposez-vous ?\u00a0\u00bb _builder_version=\u00a0\u00bb4.21.0&Prime; _module_preset=\u00a0\u00bbdefault\u00a0\u00bb global_colors_info=\u00a0\u00bb{}\u00a0\u00bb open=\u00a0\u00bbon\u00a0\u00bb]<\/p>\n<div class=\"group w-full text-gray-800 dark:text-gray-100 border-b border-black\/10 dark:border-gray-900\/50 bg-gray-50 dark:bg-[#444654]\">\n<div class=\"flex p-4 gap-4 text-base md:gap-6 md:max-w-2xl lg:max-w-xl xl:max-w-3xl md:py-6 lg:px-0 m-auto\">\n<div class=\"relative flex w-[calc(100%-50px)] flex-col gap-1 md:gap-3 lg:w-[calc(100%-115px)]\">\n<div class=\"flex flex-grow flex-col gap-3\">\n<div class=\"min-h-[20px] flex flex-col items-start gap-4 whitespace-pre-wrap break-words\">\n<div class=\"result-streaming markdown prose w-full break-words dark:prose-invert light\">\n<p>Nous proposons une large gamme de couleurs pour notre linge de bain en bambou. Les couleurs propos\u00e9es varient selon les produits mais nous avons g\u00e9n\u00e9ralement des couleurs classiques telle que le :\u00a0<\/p>\n<\/div>\n<\/div>\n<\/div>\n<\/div>\n<\/div>\n<\/div>\n<p><strong>Marine<\/strong> : un bleu doux et apaisant, comme le ciel du d\u00e9but de la nuit.<\/p>\n<p><strong>Orage<\/strong> : Ce gris moyen classique et frais ressemble \u00e0 la couleur des roches et des pierres de granit.<\/p>\n<p><strong>Sable<\/strong> : une teinte chaude et sablonneuse \u00e0 la fois riche et ancr\u00e9e.<\/p>\n<p><strong>P\u00eache<\/strong> : Un rose l\u00e9ger et poussi\u00e9reux qui rappelle les doux levers de soleil pour sublimer votre peau \u00e0 chaque sortie de bain.<\/p>\n<p><strong>Blanc<\/strong> : Cette couleur blanche pure n&rsquo;est ni chaude ni froide et offre une sensation de fra\u00eecheur et de propret\u00e9.<\/p>\n<p>[\/et_pb_accordion_item][\/et_pb_accordion][et_pb_text _builder_version=\u00a0\u00bb4.24.2&Prime; _module_preset=\u00a0\u00bbdefault\u00a0\u00bb header_2_text_color=\u00a0\u00bb#AD9499&Prime; header_2_font_size=\u00a0\u00bb30px\u00a0\u00bb header_3_text_color=\u00a0\u00bb#4A5661&Prime; custom_margin=\u00a0\u00bb||30px|||\u00a0\u00bb custom_padding_tablet=\u00a0\u00bb\u00a0\u00bb custom_padding_phone=\u00a0\u00bb|||25px|false|false\u00a0\u00bb custom_padding_last_edited=\u00a0\u00bbon|phone\u00a0\u00bb global_colors_info=\u00a0\u00bb{}\u00a0\u00bb]<\/p>\n<h3>Le linge de plage<\/h3>\n<p>[\/et_pb_text][et_pb_accordion open_toggle_text_color=\u00a0\u00bb#154D7F\u00a0\u00bb closed_toggle_background_color=\u00a0\u00bb#F7F7F7&Prime; icon_color=\u00a0\u00bb#AD9499&Prime; _builder_version=\u00a0\u00bb4.21.0&Prime; _module_preset=\u00a0\u00bbdefault\u00a0\u00bb toggle_text_color=\u00a0\u00bb#154D7F\u00a0\u00bb toggle_level=\u00a0\u00bbh3&Prime; toggle_font=\u00a0\u00bbOpen Sans||||||||\u00a0\u00bb toggle_font_size=\u00a0\u00bb16px\u00a0\u00bb toggle_letter_spacing=\u00a0\u00bb2px\u00a0\u00bb toggle_line_height=\u00a0\u00bb1.1em\u00a0\u00bb custom_margin_tablet=\u00a0\u00bb\u00a0\u00bb custom_margin_phone=\u00a0\u00bb||22px||false|false\u00a0\u00bb custom_margin_last_edited=\u00a0\u00bbon|phone\u00a0\u00bb global_colors_info=\u00a0\u00bb{}\u00a0\u00bb][et_pb_accordion_item title=\u00a0\u00bbEst-ce que le linge de plage est facile d&rsquo;entretien ?\u00a0\u00bb open=\u00a0\u00bboff\u00a0\u00bb _builder_version=\u00a0\u00bb4.21.0&Prime; _module_preset=\u00a0\u00bbdefault\u00a0\u00bb global_colors_info=\u00a0\u00bb{}\u00a0\u00bb]<\/p>\n<p><span>Chez Comptoir du Bambou, tout notre linge est concu avec la Fibre B. Notre linge de plage est donc fabriqu\u00e9s avec cette merveilleuse fibre de bambou.\u00a0<\/span><span>Le linge de plage est donc facile d\u2019entretien, plus facile d\u2019entretien que du linge en coton\u00a0<\/span><span>classique.\u00a0<\/span><span>La Fibre B. ne contient pas d\u2019impurt\u00e9 ce qui permet au linge d\u2019\u00eatre naturellement doux : il ne sera jamais r\u00eache. Pour plus d&rsquo;information consulter notre <a href=\"https:\/\/www.comptoirdubambou.com\/Guide%20entretien\/\">guide d&rsquo;entretien<\/a>.\u00a0\u00a0<\/span><\/p>\n<p>[\/et_pb_accordion_item][et_pb_accordion_item title=\u00a0\u00bbPeut-on personnaliser le linge de plage \u00e0 l&rsquo;image de l&rsquo;h\u00f4tel ou du spa ?\u00a0\u00bb _builder_version=\u00a0\u00bb4.21.0&Prime; _module_preset=\u00a0\u00bbdefault\u00a0\u00bb global_colors_info=\u00a0\u00bb{}\u00a0\u00bb open=\u00a0\u00bboff\u00a0\u00bb]<\/p>\n<p><span>Comptoir du Bambou accompagne tous les plus beaux \u00e9tablissements du monde. Naturellement nous proposons un service de personnalisation pour les h\u00f4tels et les spas. Le linge de plage peut \u00eatre personnalis\u00e9s de plusieurs fa\u00e7ons : soit avec l\u2019ajout d\u2019une broderie \u00e0 l\u2019image de votre \u00e9tablissement, ce qui renforce votre niveau de gamme et votre accueil, soit en faisant r\u00e9aliser votre linge sur-mesure, avec le choix de la mati\u00e8re, du tissage, de la couleur et ajout de broderie.\u00a0<\/span><\/p>\n<p><span>Pour certains \u00e9tablissements nous proposons aussi de la diff\u00e9renciation retard\u00e9e en personnalisant le peignoir avec les initials ou le nom des clients.<\/span><\/p>\n<p><span>Comptoir du Bambou vous accompagne dans la r\u00e9alisation et la conception de votre linge de plage. Chaque \u00e9tapes fait l\u2019objet d\u2019une validation de votre part.<\/span><\/p>\n<p>[\/et_pb_accordion_item][et_pb_accordion_item title=\u00a0\u00bbQuelle est la diff\u00e9rence entre une foutas et une serviette de plage traditionnelle ?\u00a0\u00bb _builder_version=\u00a0\u00bb4.21.0&Prime; _module_preset=\u00a0\u00bbdefault\u00a0\u00bb global_colors_info=\u00a0\u00bb{}\u00a0\u00bb open=\u00a0\u00bbon\u00a0\u00bb]<\/p>\n<div class=\"et_pb_module et_pb_accordion et_pb_accordion_0\">\n<div class=\"et_pb_toggle et_pb_module et_pb_accordion_item et_pb_accordion_item_2 et_pb_toggle_open\">\n<div class=\"et_pb_toggle_content clearfix\">\n<p><span>La principale diff\u00e9rence entre une fouta et une serviette de plage traditionnelle est le tissu utilis\u00e9 pour leur fabrication et leur design. L<\/span><span>a fouta est plus l\u00e9g\u00e8re et plus polyvalente, tandis que la serviette de plage traditionnelle est plus \u00e9paisse et plus absorbante. Il existe de nombreuses variantes de chaque type de serviette.<\/span><\/p>\n<\/div>\n<\/div>\n<\/div>\n<p>[\/et_pb_accordion_item][\/et_pb_accordion][et_pb_text _builder_version=\u00a0\u00bb4.24.2&Prime; _module_preset=\u00a0\u00bbdefault\u00a0\u00bb header_2_text_color=\u00a0\u00bb#AD9499&Prime; header_2_font_size=\u00a0\u00bb30px\u00a0\u00bb header_3_text_color=\u00a0\u00bb#4A5661&Prime; custom_margin=\u00a0\u00bb||30px|||\u00a0\u00bb custom_padding_tablet=\u00a0\u00bb\u00a0\u00bb custom_padding_phone=\u00a0\u00bb|||25px|false|false\u00a0\u00bb custom_padding_last_edited=\u00a0\u00bbon|phone\u00a0\u00bb global_colors_info=\u00a0\u00bb{}\u00a0\u00bb]<\/p>\n<h3>Les peignoirs<\/h3>\n<p>[\/et_pb_text][et_pb_accordion open_toggle_text_color=\u00a0\u00bb#154D7F\u00a0\u00bb closed_toggle_background_color=\u00a0\u00bb#F7F7F7&Prime; icon_color=\u00a0\u00bb#AD9499&Prime; _builder_version=\u00a0\u00bb4.21.0&Prime; _module_preset=\u00a0\u00bbdefault\u00a0\u00bb toggle_text_color=\u00a0\u00bb#154D7F\u00a0\u00bb toggle_level=\u00a0\u00bbh3&Prime; toggle_font=\u00a0\u00bbOpen Sans||||||||\u00a0\u00bb toggle_font_size=\u00a0\u00bb16px\u00a0\u00bb toggle_letter_spacing=\u00a0\u00bb2px\u00a0\u00bb toggle_line_height=\u00a0\u00bb1.1em\u00a0\u00bb custom_margin_tablet=\u00a0\u00bb\u00a0\u00bb custom_margin_phone=\u00a0\u00bb||22px||false|false\u00a0\u00bb custom_margin_last_edited=\u00a0\u00bbon|phone\u00a0\u00bb global_colors_info=\u00a0\u00bb{}\u00a0\u00bb][et_pb_accordion_item title=\u00a0\u00bbQuelle mati\u00e8re choisir pour les peignoirs ?\u00a0\u00bb open=\u00a0\u00bbon\u00a0\u00bb _builder_version=\u00a0\u00bb4.21.0&Prime; _module_preset=\u00a0\u00bbdefault\u00a0\u00bb global_colors_info=\u00a0\u00bb{}\u00a0\u00bb]<\/p>\n<p><span>Avec sa fibre de bambou, la Fibre B., Comptoir du Bambou peut d\u00e9velopper des peignoirs dans plusieurs tisssages diff\u00e9rents : en \u00e9ponde, en nid d\u2019abeille et en velour.<\/span><\/p>\n<ul>\n<li><span>Les peignoirs en \u00e9ponge sont une valeur sure : confortable, doux, facile d\u2019entretien\u2026 ils sont parfaits pour des activit\u00e9s d\u2019h\u00f4telerie ou de bien-\u00eatre.<\/span><\/li>\n<li><span>Pour un confort douillet, privil\u00e9giez le velours ou l\u2019\u00e9ponge. Comptoir du Bambou \u00e0 mis au point sa nouvelle gamme Natural Confort avec du velour en ext\u00e9rieur et de l\u2019\u00e9ponge en interieur. Les peignoirs sont confort et absorbant tout en restant respirant. Pas de sensation de surchauffe comme avec la microfibre.<\/span><\/li>\n<li><span>Pour plus de l\u00e9g\u00e8ret\u00e9 et pour les h\u00f4tels situ\u00e9s dans le sud de la France (le sud de la France, (C\u00f4te d\u2019Azur et C\u00f4te Basque), les Cara\u00efbes, le sud de l\u2019Europe\u2026), ou dans des endroits chauds, optez pour des peignoirs en Nid d\u2019abeille.<\/span><\/li>\n<\/ul>\n<p>[\/et_pb_accordion_item][et_pb_accordion_item title=\u00a0\u00bbEst-ce que les peignoirs sont faciles d&rsquo;entretien ?\u00a0\u00bb _builder_version=\u00a0\u00bb4.21.0&Prime; _module_preset=\u00a0\u00bbdefault\u00a0\u00bb global_colors_info=\u00a0\u00bb{}\u00a0\u00bb open=\u00a0\u00bboff\u00a0\u00bb]<\/p>\n<p><span>Chez Comptoir du Bambou, tout notre linge est concu avec la Fibre B. Nos peignoirs sont donc fabriqu\u00e9s avec cette merveilleuse fibre de bambou.\u00a0<\/span><span>Les peignoirs sont donc facile d\u2019entretien, plus facile d\u2019entretien que du linge en coton\u00a0<\/span><span>classique.\u00a0<\/span><span>Pour nos peignoirs pas besoin d\u2019adoucissant. La Fibre B. ne contient pas d\u2019impurt\u00e9 ce qui permet au linge d\u2019\u00eatre naturellement doux : il ne sera jamais r\u00eache. <\/span><span style=\"font-size: 15px;\">Voici les conditions de lavage optimale de nos peignoirs. <\/span><span style=\"font-size: 15px;\">La mise \u00e0 l\u2019usage id\u00e9ale est un premier lavage \u00e0 60\u00b0C qui permet de fixer la boucle. Ensuite, selon le degr\u00e9 de sallisure, un lavage \u00e0 40\u00b0C est suffisant.\u00a0<\/span><span style=\"font-size: 15px;\">En fin de cycle, afin de gonfler la boucle, nous recommandons le s\u00e8che linge \u00e0 temp\u00e9rature moyenne.<\/span><\/p>\n<p>[\/et_pb_accordion_item][et_pb_accordion_item title=\u00a0\u00bbQuelles sont les tailles de vos peignoirs ?\u00a0\u00bb _builder_version=\u00a0\u00bb4.21.0&Prime; _module_preset=\u00a0\u00bbdefault\u00a0\u00bb global_colors_info=\u00a0\u00bb{}\u00a0\u00bb open=\u00a0\u00bboff\u00a0\u00bb]<\/p>\n<div class=\"et_pb_module et_pb_accordion et_pb_accordion_0\">\n<div class=\"et_pb_toggle et_pb_module et_pb_accordion_item et_pb_accordion_item_2 et_pb_toggle_open\">\n<div class=\"et_pb_toggle_content clearfix\">\n<p><span>Nous avons des peignoirs adultes pour les hommes comme pour les femmes. Nous proposons toutes les tailles :\u00a0 peignoirs XS, S, M, L, XL, XXL, XXXL<\/span><\/p>\n<p><span>Nous proposons aussi des peignoirs pour les enfants. Les tailles des peignoirs enfants disponibles sont \u00e0 partir de la taille 2 ans jusqu\u2019\u00e0 la taille 12 ans.<\/span><\/p>\n<p><span>Pour les peignoirs adultes comme pour les peignoirs enfants toutes les finitions sont disponibles : avec ou sans capuche, et dans des coloris pleins de vitalit\u00e9 !<\/span><\/p>\n<\/div>\n<\/div>\n<\/div>\n<p>[\/et_pb_accordion_item][et_pb_accordion_item title=\u00a0\u00bbPeut-on personnaliser les peignoirs \u00e0 l&rsquo;image de l&rsquo;h\u00f4tel ou du spa ?\u00a0\u00bb _builder_version=\u00a0\u00bb4.21.0&Prime; _module_preset=\u00a0\u00bbdefault\u00a0\u00bb global_colors_info=\u00a0\u00bb{}\u00a0\u00bb open=\u00a0\u00bboff\u00a0\u00bb]<\/p>\n<p><span>Comptoir du Bambou accompagne tous les plus beaux \u00e9tablissements du monde. Naturellement nous proposons un service de personnalisation pour les h\u00f4tels et les spas. Les peignoirs peuvent \u00eatre personnalis\u00e9s de plusieurs fa\u00e7ons : soit avec l\u2019ajout d\u2019une broderie \u00e0 l\u2019image de votre \u00e9tablissement, ce qui renforce votre niveau de gamme et votre accueil, soit en faisant r\u00e9aliser vos peignoirs sur-mesure, avec le choix de la mati\u00e8re, du tissage, de la couleur et ajout de broderie.\u00a0<\/span><\/p>\n<p><span>Pour certains \u00e9tablissements nous proposons aussi de la diff\u00e9renciation retard\u00e9e en personnalisant le peignoir avec les initials ou le nom des clients.<\/span><\/p>\n<p><span>Comptoir du Bambou vous accompagne dans la r\u00e9alisation et la conception de vos peignoirs. Chaque \u00e9tapes fait l\u2019objet d\u2019une validation de votre part.<\/span><\/p>\n<p>[\/et_pb_accordion_item][\/et_pb_accordion][et_pb_text _builder_version=\u00a0\u00bb4.24.2&Prime; _module_preset=\u00a0\u00bbdefault\u00a0\u00bb header_text_color=\u00a0\u00bb#4A5661&Prime; header_2_text_color=\u00a0\u00bb#AD9499&Prime; header_2_font_size=\u00a0\u00bb30px\u00a0\u00bb header_3_text_color=\u00a0\u00bb#4A5661&Prime; custom_padding_tablet=\u00a0\u00bb\u00a0\u00bb custom_padding_phone=\u00a0\u00bb|||30px|false|false\u00a0\u00bb custom_padding_last_edited=\u00a0\u00bbon|phone\u00a0\u00bb global_colors_info=\u00a0\u00bb{}\u00a0\u00bb]<\/p>\n<h3>Le bambou<\/h3>\n<p>[\/et_pb_text][\/et_pb_column][\/et_pb_row][et_pb_row _builder_version=\u00a0\u00bb4.21.0&Prime; _module_preset=\u00a0\u00bbdefault\u00a0\u00bb width=\u00a0\u00bb85%\u00a0\u00bb max_width=\u00a0\u00bb1280px\u00a0\u00bb custom_margin=\u00a0\u00bb-42px|auto||auto||\u00a0\u00bb global_colors_info=\u00a0\u00bb{}\u00a0\u00bb][et_pb_column type=\u00a0\u00bb4_4&Prime; _builder_version=\u00a0\u00bb4.16&Prime; _module_preset=\u00a0\u00bbdefault\u00a0\u00bb global_colors_info=\u00a0\u00bb{}\u00a0\u00bb][et_pb_accordion open_toggle_text_color=\u00a0\u00bb#154D7F\u00a0\u00bb closed_toggle_background_color=\u00a0\u00bb#F7F7F7&Prime; icon_color=\u00a0\u00bb#AD9499&Prime; _builder_version=\u00a0\u00bb4.24.2&Prime; _module_preset=\u00a0\u00bbdefault\u00a0\u00bb toggle_text_color=\u00a0\u00bb#154D7F\u00a0\u00bb toggle_level=\u00a0\u00bbh3&Prime; toggle_font=\u00a0\u00bbOpen Sans||||||||\u00a0\u00bb toggle_font_size=\u00a0\u00bb16px\u00a0\u00bb toggle_letter_spacing=\u00a0\u00bb2px\u00a0\u00bb toggle_line_height=\u00a0\u00bb1.1em\u00a0\u00bb custom_margin_tablet=\u00a0\u00bb\u00a0\u00bb custom_margin_phone=\u00a0\u00bb||22px||false|false\u00a0\u00bb custom_margin_last_edited=\u00a0\u00bbon|phone\u00a0\u00bb global_colors_info=\u00a0\u00bb{}\u00a0\u00bb][et_pb_accordion_item title=\u00a0\u00bbQu&rsquo;est-ce que la Fibre B\u00ae ?\u00a0\u00bb open=\u00a0\u00bbon\u00a0\u00bb _builder_version=\u00a0\u00bb4.21.0&Prime; _module_preset=\u00a0\u00bbdefault\u00a0\u00bb global_colors_info=\u00a0\u00bb{}\u00a0\u00bb]<\/p>\n<div class=\"et_pb_toggle et_pb_module et_pb_accordion_item et_pb_accordion_item_0  et_pb_toggle_open\">\n<div class=\"et_pb_toggle_content clearfix\">\n<p><span>La Fibre B<sup>\u00ae<\/sup>\u00a0est une fibre textile sur laquelle nous avons travaill\u00e9 pour proposer un des meilleurs linges du march\u00e9. C\u2019est le savant m\u00e9lange d\u2019une certaine esp\u00e8ce de bambou s\u00e9lectionn\u00e9e pour ses incroyables vertus et du coton \u00e9gyptien. La Fibre B<sup>\u00ae<\/sup>\u00a0est le nec plus ultra des fibres textiles dans le monde : de grande qualit\u00e9, elle est tr\u00e8s confortable et r\u00e9sistante. Son touch\u00e9 soyeux et luxueux vous offre l\u2019\u00e9motion d\u2019un contact direct avec la nature.<\/span><\/p>\n<\/div>\n<\/div>\n<p>[\/et_pb_accordion_item][et_pb_accordion_item title=\u00a0\u00bbQuelle est la diff\u00e9rence entre la fibre de bambou et le linge en coton \u00e9cologique ?\u00a0\u00bb _builder_version=\u00a0\u00bb4.21.0&Prime; _module_preset=\u00a0\u00bbdefault\u00a0\u00bb global_colors_info=\u00a0\u00bb{}\u00a0\u00bb open=\u00a0\u00bboff\u00a0\u00bb]<\/p>\n<div class=\"et_pb_toggle et_pb_module et_pb_accordion_item et_pb_accordion_item_1 et_pb_toggle_open\">\n<div class=\"et_pb_toggle_content clearfix\">\n<p><span>La Fibre B<sup>\u00ae<\/sup>\u00a0est majoritairement compos\u00e9e de bambou, ce qui lui conf\u00e8re une douceur incomparable et une r\u00e9sistance \u00e0 toute \u00e9preuve. L\u2019ajout d\u2019un peu de coton permet d\u2019apporter du moelleux et de l\u2019\u00e9paisseur au linge, mais dans une quantit\u00e9 limit\u00e9e pour \u00e9viter le c\u00f4t\u00e9 r\u00eache qu\u2019il peut avoir. L\u2019association de ces deux mat\u00e9riaux permet ainsi de ne faire aucun compromis entre la douceur, la r\u00e9sistance, la durabilit\u00e9 et le confort.<\/span><\/p>\n<\/div>\n<\/div>\n<p>[\/et_pb_accordion_item][et_pb_accordion_item title=\u00a0\u00bbQuelle est la diff\u00e9rence entre la Fibre B\u00ae et une autre fibre de bambou ?\u00a0\u00bb _builder_version=\u00a0\u00bb4.21.0&Prime; _module_preset=\u00a0\u00bbdefault\u00a0\u00bb global_colors_info=\u00a0\u00bb{}\u00a0\u00bb open=\u00a0\u00bboff\u00a0\u00bb]<\/p>\n<div class=\"et_pb_module et_pb_accordion et_pb_accordion_0\">\n<div class=\"et_pb_toggle et_pb_module et_pb_accordion_item et_pb_accordion_item_2 et_pb_toggle_open\">\n<div class=\"et_pb_toggle_content clearfix\">\n<p><span>La cr\u00e9ation de notre fibre est le r\u00e9sultat d\u2019un travail de Recherche et D\u00e9veloppement de plusieurs mois. Nous avions pour objectif de proposer un linge plus r\u00e9sistant, plus doux, \u00e9cologique et qualitatif. Or de nombreuses fabrications \u00e0 base de bambou sont issues de process chimiques lourds, le bambou provenant de partout dans le monde. De notre c\u00f4t\u00e9, nous cultivons une esp\u00e8ce invasive qu\u2019il faut r\u00e9colter pour pr\u00e9server la biodiversit\u00e9, nous extrayons ensuite notre fibre puis tissons dans nos usines partenaires avec des process contr\u00f4l\u00e9s et ma\u00eetris\u00e9s.<\/span><\/p>\n<\/div>\n<\/div>\n<\/div>\n<p>[\/et_pb_accordion_item][et_pb_accordion_item title=\u00a0\u00bbQuel type de bambou est utilis\u00e9 pour les draps Comptoir du Bambou ?\u00a0\u00bb _builder_version=\u00a0\u00bb4.21.0&Prime; _module_preset=\u00a0\u00bbdefault\u00a0\u00bb global_colors_info=\u00a0\u00bb{}\u00a0\u00bb open=\u00a0\u00bboff\u00a0\u00bb]<\/p>\n<p>Les draps Comptoir du Bambou sont essentiellement fabriqu\u00e9s \u00e0 partir de fibres de bambou issues de la vari\u00e9t\u00e9 Bambou Moso. D&rsquo;une facon g\u00e9n\u00e9rale, le bambou Moso est une des meilleurs esp\u00e8ces de bambou en raison de sa grande qualit\u00e9, sa r\u00e9sistance et de sa durabilit\u00e9.<\/p>\n<p>Le bambou Moso est une esp\u00e8ce de bambou g\u00e9ant originaire de Chine, qui pousse dans des conditions climatiques vari\u00e9es, g\u00e9n\u00e9ralement dans la partie \u00e9quatoriale du globe. Pour notre part,afin de limiter notre emprunte carbonne, le bambou que nous exploitatons se pousse en Egypte.<\/p>\n<p>Apr\u00e8s nos tests de recherches et d\u00e9veloppement, nous avons choisit cette esp\u00e8ce de bambou car les fibres du bambou Moso ont une bonne densit\u00e9, ce qui permet de le m\u00e9langer facilement \u00e0 d&rsquo;autres fibres comme le coton ou le lin. Par ailleurs, une fois le bambou Moso transform\u00e9 en Fibre B. il est tr\u00e8s r\u00e9sistant, et offre un confort haut de gamme et une douceur exceptionnelle. La l\u00e9g\u00e8ret\u00e9 et la souplesse de la Fibre B. permet \u00e0 nos draps d&rsquo;\u00eatre peu froissables par rapport aux autres marques qui commercialisent des draps en coton.<\/p>\n<p>Le Bambou est \u00e0 l&rsquo;origine de la cr\u00e9ation de la Fibre B. et est donc au coeur de la fabrication du linge Comptoir du Bambou. Les draps en fibre B. sont tr\u00e8s appr\u00e9ci\u00e9s pour leur douceur, leurs capacit\u00e9s thermor\u00e9gulateurs, leur r\u00e9sistance \u00e0 l&rsquo;humidit\u00e9 et leur durabilit\u00e9, ce qui les rend particuli\u00e8rement adapt\u00e9s pour une utilisation en \u00e9t\u00e9 ou dans des climats chauds et humides.<\/p>\n<p>[\/et_pb_accordion_item][et_pb_accordion_item title=\u00a0\u00bbEst-ce que la fibre de bambou est antibact\u00e9rienne ou hypoallerg\u00e9nique ?\u00a0\u00bb _builder_version=\u00a0\u00bb4.24.2&Prime; _module_preset=\u00a0\u00bbdefault\u00a0\u00bb global_colors_info=\u00a0\u00bb{}\u00a0\u00bb open=\u00a0\u00bboff\u00a0\u00bb]<\/p>\n<p>Oui, la fibre de bambou poss\u00e8de naturellement des propri\u00e9t\u00e9s antibact\u00e9riennes et hypoallerg\u00e9niques : elle convient parfaitement aux peaux sensibles ou aux environnements \u00e0 forte contrainte hygi\u00e9nique (spa, h\u00f4tel).<\/p>\n<p>[\/et_pb_accordion_item][\/et_pb_accordion][et_pb_text _builder_version=\u00a0\u00bb4.21.0&Prime; _module_preset=\u00a0\u00bbdefault\u00a0\u00bb header_2_text_color=\u00a0\u00bb#AD9499&Prime; header_2_font_size=\u00a0\u00bb30px\u00a0\u00bb header_3_text_color=\u00a0\u00bb#4A5661&Prime; global_colors_info=\u00a0\u00bb{}\u00a0\u00bb]<\/p>\n<h3>Entretien et utilisation<\/h3>\n<p>[\/et_pb_text][et_pb_accordion open_toggle_text_color=\u00a0\u00bb#154D7F\u00a0\u00bb closed_toggle_background_color=\u00a0\u00bb#F7F7F7&Prime; icon_color=\u00a0\u00bb#AD9499&Prime; _builder_version=\u00a0\u00bb4.24.2&Prime; _module_preset=\u00a0\u00bbdefault\u00a0\u00bb toggle_text_color=\u00a0\u00bb#154D7F\u00a0\u00bb toggle_level=\u00a0\u00bbh3&Prime; toggle_font=\u00a0\u00bbOpen Sans||||||||\u00a0\u00bb toggle_font_size=\u00a0\u00bb16px\u00a0\u00bb toggle_letter_spacing=\u00a0\u00bb2px\u00a0\u00bb toggle_line_height=\u00a0\u00bb1.1em\u00a0\u00bb custom_margin_tablet=\u00a0\u00bb\u00a0\u00bb custom_margin_phone=\u00a0\u00bb||22px||false|false\u00a0\u00bb custom_margin_last_edited=\u00a0\u00bbon|phone\u00a0\u00bb global_colors_info=\u00a0\u00bb{}\u00a0\u00bb][et_pb_accordion_item title=\u00a0\u00bbComment entretenir le linge Comptoir du Bambou ?\u00a0\u00bb open=\u00a0\u00bbon\u00a0\u00bb _builder_version=\u00a0\u00bb4.24.2&Prime; _module_preset=\u00a0\u00bbdefault\u00a0\u00bb global_colors_info=\u00a0\u00bb{}\u00a0\u00bb]<\/p>\n<p data-start=\"246\" data-end=\"584\">Lavez votre linge \u00e0 40\u00b0C ou 60\u00b0C selon le degr\u00e9 de salissure, avec une lessive douce, sans adoucissant ni chlore.<br data-start=\"367\" data-end=\"370\" \/>Vous pouvez effectuer un essorage classique et un s\u00e9chage \u00e0 basse ou moyenne temp\u00e9rature \u2014 veillez simplement \u00e0 \u00e9viter les temp\u00e9ratures trop \u00e9lev\u00e9es afin de pr\u00e9server la fibre et sa douceur naturelle.<\/p>\n<p data-start=\"586\" data-end=\"962\">Le linge en bambou est souple et l\u00e9g\u00e8rement \u00e9lastique, ce qui r\u00e9duit les plis et limite l\u2019aspect froiss\u00e9. Vous pouvez le repasser \u00e0 faible chaleur si vous le souhaitez.<br data-start=\"766\" data-end=\"769\" \/>Gr\u00e2ce \u00e0 sa fibre lisse et soyeuse, le linge Comptoir du Bambou ne devient pas r\u00eache au fil des lavages : aucun adoucissant n\u2019est n\u00e9cessaire pour conserver sa douceur exceptionnelle.<\/p>\n<p>[\/et_pb_accordion_item][et_pb_accordion_item title=\u00a0\u00bbLe bambou r\u00e9tr\u00e9cit-il au lavage ?\u00a0\u00bb _builder_version=\u00a0\u00bb4.24.2&Prime; _module_preset=\u00a0\u00bbdefault\u00a0\u00bb global_colors_info=\u00a0\u00bb{}\u00a0\u00bb open=\u00a0\u00bboff\u00a0\u00bb]<\/p>\n<p data-start=\"2134\" data-end=\"2336\">Une l\u00e9g\u00e8re r\u00e9traction peut se produire au premier lavage (comme pour toutes les fibres naturelles), mais le linge reprend sa forme d\u00e8s la premi\u00e8re utilisation.<\/p>\n<p>[\/et_pb_accordion_item][et_pb_accordion_item title=\u00a0\u00bbPeut-on laver le linge de bambou en machine ?\u00a0\u00bb _builder_version=\u00a0\u00bb4.24.2&Prime; _module_preset=\u00a0\u00bbdefault\u00a0\u00bb global_colors_info=\u00a0\u00bb{}\u00a0\u00bb open=\u00a0\u00bboff\u00a0\u00bb]<\/p>\n<p>Oui, tous nos produits sont lavables en machine. Nous recommandons de les laver s\u00e9par\u00e9ment lors des premiers lavages.<\/p>\n<p>[\/et_pb_accordion_item][\/et_pb_accordion][et_pb_text _builder_version=\u00a0\u00bb4.21.0&Prime; _module_preset=\u00a0\u00bbdefault\u00a0\u00bb header_2_text_color=\u00a0\u00bb#AD9499&Prime; header_2_font_size=\u00a0\u00bb30px\u00a0\u00bb header_3_text_color=\u00a0\u00bb#4A5661&Prime; global_colors_info=\u00a0\u00bb{}\u00a0\u00bb]<\/p>\n<h3>Certifications<\/h3>\n<p>[\/et_pb_text][et_pb_accordion open_toggle_text_color=\u00a0\u00bb#154D7F\u00a0\u00bb closed_toggle_background_color=\u00a0\u00bb#F7F7F7&Prime; icon_color=\u00a0\u00bb#AD9499&Prime; _builder_version=\u00a0\u00bb4.24.2&Prime; _module_preset=\u00a0\u00bbdefault\u00a0\u00bb toggle_text_color=\u00a0\u00bb#154D7F\u00a0\u00bb toggle_level=\u00a0\u00bbh3&Prime; toggle_font=\u00a0\u00bbOpen Sans||||||||\u00a0\u00bb toggle_font_size=\u00a0\u00bb16px\u00a0\u00bb toggle_letter_spacing=\u00a0\u00bb2px\u00a0\u00bb toggle_line_height=\u00a0\u00bb1.1em\u00a0\u00bb custom_margin_tablet=\u00a0\u00bb\u00a0\u00bb custom_margin_phone=\u00a0\u00bb||22px||false|false\u00a0\u00bb custom_margin_last_edited=\u00a0\u00bbon|phone\u00a0\u00bb hover_enabled=\u00a0\u00bb0&Prime; global_colors_info=\u00a0\u00bb{}\u00a0\u00bb sticky_enabled=\u00a0\u00bb0&Prime;][et_pb_accordion_item title=\u00a0\u00bbEst-ce que le linge Comptoir du Bambou est %22Made in France%22 ?\u00a0\u00bb open=\u00a0\u00bbon\u00a0\u00bb _builder_version=\u00a0\u00bb4.21.0&Prime; _module_preset=\u00a0\u00bbdefault\u00a0\u00bb global_colors_info=\u00a0\u00bb{}\u00a0\u00bb]<\/p>\n<p><span>L\u2019industrie textile fran\u00e7aise ne con\u00e7oit plus de linge de maison en France pour des raisons de co\u00fbt et de technologie. Chez Comptoir du Bambou, nous avons fait le choix des meilleurs outils technologiques pour produire un linge de luxe \u00e0 prix abordable. Le tissage des serviettes de toilette en bambou est effectu\u00e9 dans nos usines partenaires bas\u00e9es en Europe de l\u2019Est et au Portugal. Nos partenaires disposent de toutes les certifications qui assurent la qualit\u00e9 des produits et le respect du travail.<\/span><\/p>\n<p>[\/et_pb_accordion_item][et_pb_accordion_item title=\u00a0\u00bbEst-ce que Comptoir du Bambou poss\u00e8de des certifications \u00e9cologiques ?\u00a0\u00bb _builder_version=\u00a0\u00bb4.21.0&Prime; _module_preset=\u00a0\u00bbdefault\u00a0\u00bb global_colors_info=\u00a0\u00bb{}\u00a0\u00bb open=\u00a0\u00bboff\u00a0\u00bb]<\/p>\n<p>Oui, tout notre linge de maison pour les professionnels comme pour les particuliers ont la certification STANDARD 100 by OEKO-TEX\u00ae ce qui signifie qu\u2019ils n\u2019y a pas de produits chimiques et de produits toxiques pour le corps et l\u2019environnement.<\/p>\n<p>Nous sommes attentifs \u00e0 toutes les \u00e9tapes de la fabrications de nos produits de la r\u00e9colte du bambou et du coton, en passant par la fabrication \u00e9cologiquement et socialiement certifi\u00e9e, jusqu\u2019\u00e0 la livraison. Nous essayons de r\u00e9duire nos \u00e9missions de CO2 et nous essayons de certifier ind\u00e9pendament chaque \u00e9tape. Notre objectif est de concillier le respect de l\u2019environnement, des travailleurs et des consommateurs.<\/p>\n<p>[\/et_pb_accordion_item][et_pb_accordion_item title=\u00a0\u00bbQue garantit la certification Oeko-Tex Standard 100 ?\u00a0\u00bb _builder_version=\u00a0\u00bb4.21.0&Prime; _module_preset=\u00a0\u00bbdefault\u00a0\u00bb global_colors_info=\u00a0\u00bb{}\u00a0\u00bb open=\u00a0\u00bboff\u00a0\u00bb]<\/p>\n<p>La certification OEKO-TEX Standard 100 est une norme internationale de certification pour les textiles qui garantit que les produits textiles ne contiennent pas de substances nocives pour la sant\u00e9 humaine.<\/p>\n<p>Le label OEKO-TEX Standard 100 est d\u00e9cern\u00e9 par l&rsquo;Association Internationale pour la Recherche et le Test en Mati\u00e8re d&rsquo;Ecologie Textile (Oeko-Tex), un organisme ind\u00e9pendant et impartial bas\u00e9 en Suisse.<\/p>\n<p>Pour obtenir la certification OEKO-TEX Standard 100, les produits textiles doivent \u00eatre soumis \u00e0 des tests rigoureux men\u00e9s par des laboratoires ind\u00e9pendants pour d\u00e9tecter la pr\u00e9sence de substances nocives telles que les m\u00e9taux lourds, les pesticides, les colorants azo\u00efques et les formald\u00e9hydes.<\/p>\n<p>La certification OEKO-TEX Standard 100 est reconnue dans le monde entier et est tr\u00e8s utilis\u00e9e dans l&rsquo;industrie textile pour garantir que les produits sont s\u00fbrs pour les consommateurs et respectueux de l&rsquo;environnement. Les produits textiles certifi\u00e9s OEKO-TEX Standard 100 sont souvent consid\u00e9r\u00e9s comme des produits de qualit\u00e9 sup\u00e9rieure en termes de s\u00e9curit\u00e9, de qualit\u00e9 et de durabilit\u00e9.<\/p>\n<p>Chez Comptoir du Bambou, tous nos produits textiles sont certifi\u00e9s OEKO-TEX Standard 100.<\/p>\n<p>[\/et_pb_accordion_item][et_pb_accordion_item title=\u00a0\u00bbPourquoi le linge Comptoir du Bambou n&rsquo;est pas certifi\u00e9 GOTS ?\u00a0\u00bb _builder_version=\u00a0\u00bb4.21.0&Prime; _module_preset=\u00a0\u00bbdefault\u00a0\u00bb global_colors_info=\u00a0\u00bb{}\u00a0\u00bb open=\u00a0\u00bboff\u00a0\u00bb]<\/p>\n<p>Le linge en fibre de bambou peut ne pas \u00eatre certifi\u00e9 GOTS (Global Organic Textile Standard) pour plusieurs raisons. Tout d&rsquo;abord, le bambou est une plante qui pousse rapidement et ne n\u00e9cessite pas l&rsquo;utilisation de pesticides ou d&rsquo;engrais chimiques pour sa culture. Il d&rsquo;agit de la mati\u00e8re la plus \u00e9cologique du monde puisqu&rsquo;elle se d\u00e9veloppe toute seule. Pour la production de fibres de bambou nous avons mis au point un proc\u00e9d\u00e9 de transformation en syst\u00e8me ferm\u00e9 afin d&rsquo;\u00eatre respectueux de l&rsquo;environnement et d&rsquo;am\u00e9liorer notre emprunte environnemental.<\/p>\n<p>De plus, la norme GOTS est sp\u00e9cifique aux textiles comme le coton afin de controler et r\u00e9guler que la culture limite l&rsquo;utilisation de produits chimiques et toxiques et doivent \u00eatre fabriqu\u00e9s dans des conditions respectueuses de l&rsquo;environnement et des droits sociaux des travailleurs.<\/p>\n<p>Cependant, il existe d&rsquo;autres certifications pour garantir la qualit\u00e9 et la durabilit\u00e9 des produits en bambou, telles que la certification OEKO-TEX Standard 100 qui garantit l&rsquo;absence de substances nocives dans les textiles.<\/p>\n<p>[\/et_pb_accordion_item][et_pb_accordion_item title=\u00a0\u00bbQuel est le processus de conception de la Fibre B. ?\u00a0\u00bb _builder_version=\u00a0\u00bb4.21.0&Prime; _module_preset=\u00a0\u00bbdefault\u00a0\u00bb global_colors_info=\u00a0\u00bb{}\u00a0\u00bb open=\u00a0\u00bboff\u00a0\u00bb]<\/p>\n<div class=\"group w-full text-gray-800 dark:text-gray-100 border-b border-black\/10 dark:border-gray-900\/50 bg-gray-50 dark:bg-[#444654]\">\n<div class=\"flex p-4 gap-4 text-base md:gap-6 md:max-w-2xl lg:max-w-xl xl:max-w-3xl md:py-6 lg:px-0 m-auto\">\n<div class=\"relative flex flex-col w-[calc(100%-50px)] gap-1 md:gap-3 lg:w-[calc(100%-115px)]\">\n<div class=\"flex flex-grow flex-col gap-3\">\n<div class=\"min-h-[20px] flex flex-col items-start gap-4 whitespace-pre-wrap break-words\">\n<div class=\"markdown prose w-full break-words dark:prose-invert light\">\n<p>La Fibre B. est une fibre de bambou con\u00e7ue \u00e0 partir de cellulose r\u00e9g\u00e9n\u00e9r\u00e9e \u00e0 partir de pulpe de bambou. Le processus de fabrication de la Fibre B. est l&rsquo;un des proc\u00e9d\u00e9 de fabrication les plus respectueux de l&rsquo;environnement<\/p>\n<p>Pour la fabrication de la Fibre B., Comptoir du Bambou utilise un solvant organique non toxique pour dissoudre la pulpe de bambou.<\/p>\n<p>Voici les principales \u00e9tapes du processus de transformation pour concevoir notre fibre de bambou, la Fibre B. :<\/p>\n<ol>\n<li>Pr\u00e9paration de la pulpe de bambou : La pulpe est broy\u00e9e et trait\u00e9e avec des produits chimiques pour enlever la lignine et la h\u00e9micellulose, ce qui laisse la cellulose pure.<\/li>\n<li>Dissolution de la cellulose : La cellulose est dissoute dans un solvant organique non toxique, g\u00e9n\u00e9ralement de la N-m\u00e9thylmorpholine-N-oxyde (NMMO), pour former une solution visqueuse.<\/li>\n<li>Filage de la Fibre B. : La solution de cellulose est fil\u00e9e \u00e0 travers des trous minuscules pour former des fils. Les fils sont ensuite \u00e9tir\u00e9s et tordus pour former des fibres de lyocell.<\/li>\n<li>Lavage : Afin d&rsquo;\u00e9liminer les r\u00e9sidus de solvant et les impuret\u00e9s les fibres de bambou sont lav\u00e9es et rinc\u00e9es.<\/li>\n<li>S\u00e9chage et finition : Les fibres de bambou sont ensuite s\u00e9ch\u00e9es et et recouverte d&rsquo;amidon afin de pr\u00e9parer la fibre pour le tissage.<\/li>\n<\/ol>\n<p>Pour limiter notre impact environnmental et toujours am\u00e9liorer nos precuss de fabrication, la Fibre B. est con\u00e7ue en syst\u00e8me ferm\u00e9.<\/p>\n<p>La production de Fibre B. n\u00e9cessite moins d&rsquo;eau et d&rsquo;\u00e9nergie que la production de coton ou autres fibres synth\u00e9tiques.<\/p>\n<\/div>\n<\/div>\n<\/div>\n<\/div>\n<\/div>\n<\/div>\n<p>[\/et_pb_accordion_item][et_pb_accordion_item title=\u00a0\u00bbO\u00f9 sont confectionn\u00e9s vos produits ? S&rsquo;agit il d&rsquo;ateliers audit\u00e9s ?\u00a0\u00bb _builder_version=\u00a0\u00bb4.21.0&Prime; _module_preset=\u00a0\u00bbdefault\u00a0\u00bb global_colors_info=\u00a0\u00bb{}\u00a0\u00bb open=\u00a0\u00bboff\u00a0\u00bb]<\/p>\n<div>Nous faisons appel \u00e0 des ateliers ayant d\u00e9velopp\u00e9 des technologies de production avanc\u00e9es.<\/div>\n<div>Nos ateliers de fabrication sont tous situ\u00e9s en Europe (majoritairement en Italie, au Portugal et en France). Nous faisons aussi appel \u00e0 des ateliers situ\u00e9s en Europe de l\u2019Est pour certaines productions mais ces productions restent minoritaires.<\/div>\n<div>Tous nos ateliers sont bien entendu audit\u00e9s et r\u00e9pondent aux normes de travail et de s\u00e9curit\u00e9s internationales.<\/div>\n<p>[\/et_pb_accordion_item][et_pb_accordion_item title=\u00a0\u00bbQuelle est la diff\u00e9rence entre le linge \u201cgrand public\u201d et le linge \u201cprofessionnel\u201d Comptoir du Bambou ?\u00a0\u00bb _builder_version=\u00a0\u00bb4.24.2&Prime; _module_preset=\u00a0\u00bbdefault\u00a0\u00bb hover_enabled=\u00a0\u00bb0&Prime; sticky_enabled=\u00a0\u00bb0&Prime;]<\/p>\n<p data-start=\"580\" data-end=\"886\">Nos deux gammes sont fabriqu\u00e9es \u00e0 partir de la m\u00eame fibre de bambou de haute qualit\u00e9.<br data-start=\"665\" data-end=\"668\" \/>La version professionnelle b\u00e9n\u00e9ficie toutefois d\u2019un tissage renforc\u00e9 et d\u2019une densit\u00e9 sup\u00e9rieure, con\u00e7ue pour r\u00e9sister \u00e0 des lavages fr\u00e9quents et aux cycles industriels, tout en conservant douceur et \u00e9clat.<\/p>\n<p>[\/et_pb_accordion_item][et_pb_accordion_item title=\u00a0\u00bbVos produits sont-ils certifi\u00e9s ou test\u00e9s ?\u00a0\u00bb _builder_version=\u00a0\u00bb4.24.2&Prime; _module_preset=\u00a0\u00bbdefault\u00a0\u00bb hover_enabled=\u00a0\u00bb0&Prime; sticky_enabled=\u00a0\u00bb0&Prime;]<\/p>\n<p data-start=\"945\" data-end=\"1208\">Oui, nos produits sont soumis \u00e0 des tests de r\u00e9sistance, de solidit\u00e9 des couleurs et de maintien dimensionnel.<br data-start=\"1059\" data-end=\"1062\" \/>Nos ateliers partenaires sont certifi\u00e9s OEKO-TEX\u00ae Standard 100, garantissant l\u2019absence de substances nocives pour la sant\u00e9 et l\u2019environnement.<\/p>\n<p>[\/et_pb_accordion_item][et_pb_accordion_item title=\u00a0\u00bbQuelle est la dur\u00e9e de vie moyenne du linge Comptoir du Bambou ?\u00a0\u00bb _builder_version=\u00a0\u00bb4.24.2&Prime; _module_preset=\u00a0\u00bbdefault\u00a0\u00bb hover_enabled=\u00a0\u00bb0&Prime; sticky_enabled=\u00a0\u00bb0&Prime;]<\/p>\n<p data-start=\"1288\" data-end=\"1530\">En utilisation professionnelle, notre linge pr\u00e9sente une dur\u00e9e de vie trois fois sup\u00e9rieure \u00e0 celle du coton.<br data-start=\"1401\" data-end=\"1404\" \/>Cette long\u00e9vit\u00e9 r\u00e9duit les remplacements, les co\u00fbts de gestion et l\u2019empreinte environnementale globale de votre \u00e9tablissement.<\/p>\n<p>[\/et_pb_accordion_item][\/et_pb_accordion][et_pb_text _builder_version=\u00a0\u00bb4.21.0&Prime; _module_preset=\u00a0\u00bbdefault\u00a0\u00bb header_2_text_color=\u00a0\u00bb#AD9499&Prime; header_2_font_size=\u00a0\u00bb30px\u00a0\u00bb global_colors_info=\u00a0\u00bb{}\u00a0\u00bb]<\/p>\n<h2>SERVICE PROFESSIONNEL<\/h2>\n<p>[\/et_pb_text][et_pb_accordion open_toggle_text_color=\u00a0\u00bb#154D7F\u00a0\u00bb closed_toggle_background_color=\u00a0\u00bb#F7F7F7&Prime; icon_color=\u00a0\u00bb#AD9499&Prime; _builder_version=\u00a0\u00bb4.24.2&Prime; _module_preset=\u00a0\u00bbdefault\u00a0\u00bb toggle_text_color=\u00a0\u00bb#154D7F\u00a0\u00bb toggle_level=\u00a0\u00bbh3&Prime; toggle_font=\u00a0\u00bbOpen Sans||||||||\u00a0\u00bb toggle_font_size=\u00a0\u00bb16px\u00a0\u00bb toggle_letter_spacing=\u00a0\u00bb2px\u00a0\u00bb toggle_line_height=\u00a0\u00bb1.1em\u00a0\u00bb custom_margin_tablet=\u00a0\u00bb\u00a0\u00bb custom_margin_phone=\u00a0\u00bb||22px||false|false\u00a0\u00bb custom_margin_last_edited=\u00a0\u00bbon|phone\u00a0\u00bb hover_enabled=\u00a0\u00bb0&Prime; global_colors_info=\u00a0\u00bb{}\u00a0\u00bb sticky_enabled=\u00a0\u00bb0&Prime;][et_pb_accordion_item title=\u00a0\u00bbPeut-on commander des \u00e9chantillons avant un achat h\u00f4telier \/ spa ?\u00a0\u00bb open=\u00a0\u00bboff\u00a0\u00bb _builder_version=\u00a0\u00bb4.24.2&Prime; _module_preset=\u00a0\u00bbdefault\u00a0\u00bb global_colors_info=\u00a0\u00bb{}\u00a0\u00bb]<\/p>\n<p>Oui : pour les \u00e9tablissements h\u00f4teliers ou spas, nous proposons un service d\u2019\u00e9chantillonnage afin de tester la qualit\u00e9, la tenue au lavage et la sensation de la fibre avant un achat en volume. Contactez notre service pro pour s\u2019enregistrer.<\/p>\n<p>[\/et_pb_accordion_item][et_pb_accordion_item title=\u00a0\u00bbComment g\u00e9rer le linge en cas d\u2019usage intensif ou blanchisserie professionnelle ?\u00a0\u00bb _builder_version=\u00a0\u00bb4.24.2&Prime; _module_preset=\u00a0\u00bbdefault\u00a0\u00bb global_colors_info=\u00a0\u00bb{}\u00a0\u00bb open=\u00a0\u00bboff\u00a0\u00bb]<\/p>\n<p data-start=\"232\" data-end=\"641\">Nous travaillons avec de nombreuses blanchisseries professionnelles qui utilisent notre linge au quotidien. En cycle industriel, notre linge en fibre de bambou est jusqu\u2019\u00e0 trois fois plus r\u00e9sistant qu\u2019un linge en coton classique.<br data-start=\"469\" data-end=\"472\" \/>Gr\u00e2ce \u00e0 sa structure lisse et souple, il s\u2019use moins rapidement, pr\u00e9sente moins de perte de mati\u00e8re et conserve sa douceur et sa tenue lavage apr\u00e8s lavage.<\/p>\n<p data-start=\"643\" data-end=\"871\">Le linge Comptoir du Bambou offre ainsi une meilleure long\u00e9vit\u00e9, une qualit\u00e9 constante, et une exp\u00e9rience plus agr\u00e9able pour les utilisateurs, tout en r\u00e9duisant la fr\u00e9quence de renouvellement pour les professionnels.<\/p>\n<p>[\/et_pb_accordion_item][et_pb_accordion_item title=\u00a0\u00bbPuis-je faire broder ou personnaliser un logo \/ monogramme sur le linge ? Quels sont les d\u00e9lais et conditions ?\u00a0\u00bb _builder_version=\u00a0\u00bb4.24.2&Prime; _module_preset=\u00a0\u00bbdefault\u00a0\u00bb global_colors_info=\u00a0\u00bb{}\u00a0\u00bb open=\u00a0\u00bboff\u00a0\u00bb]<\/p>\n<p>Oui, nous proposons un service de broderie ou personnalisation (logo, nom d\u2019\u00e9tablissement, initiales). Un devis est r\u00e9alis\u00e9 selon la quantit\u00e9, la taille du logo, l\u2019emplacement. Nous envoyons toujours des photos des tests de broderies afin d&rsquo;avoir votre valdiation. Le produit devient alors sur-mesure et ne peut pas \u00eatre retourn\u00e9.<\/p>\n<p>[\/et_pb_accordion_item][et_pb_accordion_item title=\u00a0\u00bbQuelles sont vos conditions pour les commandes pro (minimum, d\u00e9lais, paiement) ?\u00a0\u00bb _builder_version=\u00a0\u00bb4.24.2&Prime; _module_preset=\u00a0\u00bbdefault\u00a0\u00bb global_colors_info=\u00a0\u00bb{}\u00a0\u00bb open=\u00a0\u00bboff\u00a0\u00bb]<\/p>\n<p>Pour les professionnels, un minimum de commande est requis, un acompte est demand\u00e9 (par exemple 50 %) et le solde \u00e0 la livraison. Les d\u00e9lais de livraison sont adapt\u00e9s aux besoins h\u00f4teliers (pic saisonnier\u2026). Veuillez consulter nos CGV pro ou nous contacter sur contact@comptoirdubambou.com<\/p>\n<p>[\/et_pb_accordion_item][et_pb_accordion_item title=\u00a0\u00bbQue faire si le linge pr\u00e9sente un d\u00e9faut ou ne r\u00e9pond pas \u00e0 mes attentes (d\u00e9coloration, boulochage\u2026) ?\u00a0\u00bb _builder_version=\u00a0\u00bb4.24.2&Prime; _module_preset=\u00a0\u00bbdefault\u00a0\u00bb global_colors_info=\u00a0\u00bb{}\u00a0\u00bb open=\u00a0\u00bboff\u00a0\u00bb]<\/p>\n<p>Nous garantissons la qualit\u00e9 de nos fibres et travaillons avec des usines certifi\u00e9es. En cas de d\u00e9faut, veuillez nous contacter avec photo et num\u00e9ro de lot dans les 72h suivant la r\u00e9ception. Nous vous indiquerons la marche \u00e0 suivre (\u00e9change\/remboursement).<\/p>\n<p>[\/et_pb_accordion_item][et_pb_accordion_item title=\u00a0\u00bbQuels sont les avantages du linge en bambou pour les h\u00f4tels et spas ?\u00a0\u00bb _builder_version=\u00a0\u00bb4.24.2&Prime; _module_preset=\u00a0\u00bbdefault\u00a0\u00bb hover_enabled=\u00a0\u00bb0&Prime; sticky_enabled=\u00a0\u00bb0&Prime; open=\u00a0\u00bboff\u00a0\u00bb]<\/p>\n<p data-start=\"733\" data-end=\"819\">Notre linge en fibre de bambou offre une exp\u00e9rience incomparable \u00e0 vos clients :<\/p>\n<ul data-start=\"820\" data-end=\"1251\">\n<li data-start=\"820\" data-end=\"893\">\n<p data-start=\"822\" data-end=\"893\">Douceur soyeuse et sensation haut de gamme, comparable \u00e0 la soie.<\/p>\n<\/li>\n<li data-start=\"894\" data-end=\"984\">\n<p data-start=\"896\" data-end=\"984\">R\u00e9gulation naturelle de la temp\u00e9rature, pour un confort optimal en toutes saisons.<\/p>\n<\/li>\n<li data-start=\"985\" data-end=\"1078\">\n<p data-start=\"987\" data-end=\"1078\">Propri\u00e9t\u00e9s antibact\u00e9riennes et hypoallerg\u00e9niques, id\u00e9ales pour un environnement sain.<\/p>\n<\/li>\n<li data-start=\"1079\" data-end=\"1251\">\n<p data-start=\"1081\" data-end=\"1251\">Durabilit\u00e9 exceptionnelle : le linge Comptoir du Bambou dure jusqu\u2019\u00e0 3 fois plus longtemps que le linge en coton classique, r\u00e9duisant vos co\u00fbts de renouvellement.<\/p>\n<\/li>\n<\/ul>\n<p>[\/et_pb_accordion_item][et_pb_accordion_item title=\u00a0\u00bbProposez-vous des \u00e9chantillons ou tests de qualit\u00e9 avant commande ?\u00a0\u00bb _builder_version=\u00a0\u00bb4.24.2&Prime; _module_preset=\u00a0\u00bbdefault\u00a0\u00bb hover_enabled=\u00a0\u00bb0&Prime; sticky_enabled=\u00a0\u00bb0&Prime; open=\u00a0\u00bboff\u00a0\u00bb]<\/p>\n<p data-start=\"1870\" data-end=\"2140\">Oui. Pour les professionnels, nous offrons la possibilit\u00e9 de recevoir des \u00e9chantillons afin de tester la texture, la durabilit\u00e9 et la tenue du linge en conditions r\u00e9elles.<br data-start=\"2045\" data-end=\"2048\" \/>C\u2019est une \u00e9tape souvent appr\u00e9ci\u00e9e avant une commande en volume ou un partenariat long terme.<\/p>\n<p data-start=\"1870\" data-end=\"2140\">Notre linge \u00e0 fait l&rsquo;objet de tests intensifs aupr\u00e8s d&rsquo;oragismes sp\u00e9cialis\u00e9s dans le textile et aussi en blanchisseries industrielles. Les tests d\u00e9montrent que la Fibre B, fibre de bambou mise au point par Comptoir du Bambou, permet au linge linge de maison d&rsquo;\u00eatre plus r\u00e9sistant au lavages intensifs. La dur\u00e9e de vie du linge en bmabou est 3 fois plus longue que du linge en coton.<\/p>\n<p>[\/et_pb_accordion_item][et_pb_accordion_item title=\u00a0\u00bbQuels sont vos d\u00e9lais et conditions pour les commandes professionnelles ?\u00a0\u00bb _builder_version=\u00a0\u00bb4.24.2&Prime; _module_preset=\u00a0\u00bbdefault\u00a0\u00bb hover_enabled=\u00a0\u00bb0&Prime; sticky_enabled=\u00a0\u00bb0&Prime; open=\u00a0\u00bboff\u00a0\u00bb]<\/p>\n<p data-start=\"2661\" data-end=\"3061\">Les d\u00e9lais varient selon la quantit\u00e9 et la personnalisation demand\u00e9e.<br data-start=\"2730\" data-end=\"2733\" \/>Nous proposons des conditions tarifaires pr\u00e9f\u00e9rentielles, des remises par volume, et des modalit\u00e9s de r\u00e8glement adapt\u00e9es (par exemple, acompte de 50 % \u00e0 la commande et solde \u00e0 la livraison).<br data-start=\"2935\" data-end=\"2938\" \/>Nos \u00e9quipes sont disponibles pour \u00e9laborer des offres sur mesure selon la taille et les besoins de votre \u00e9tablissement.<\/p>\n<p>[\/et_pb_accordion_item][et_pb_accordion_item title=\u00a0\u00bbVos produits sont-ils compatibles avec les standards h\u00f4teliers ?\u00a0\u00bb _builder_version=\u00a0\u00bb4.24.2&Prime; _module_preset=\u00a0\u00bbdefault\u00a0\u00bb hover_enabled=\u00a0\u00bb0&Prime; sticky_enabled=\u00a0\u00bb0&Prime; open=\u00a0\u00bbon\u00a0\u00bb]<\/p>\n<p data-start=\"3141\" data-end=\"3477\">Oui, nos produits sont con\u00e7us pour r\u00e9pondre aux exigences techniques et esth\u00e9tiques des \u00e9tablissements haut de gamme :<br data-start=\"3263\" data-end=\"3266\" \/>r\u00e9sistance aux lavages intensifs, maintien des dimensions, facilit\u00e9 de repassage et durabilit\u00e9 accrue et ne fixe pas les taches d&rsquo;huile.<br data-start=\"3368\" data-end=\"3371\" \/>Nos draps, housses, serviettes et peignoirs sont test\u00e9s et valid\u00e9s dans des environnements professionnels.<\/p>\n<p>[\/et_pb_accordion_item][et_pb_accordion_item title=\u00a0\u00bbProposez-vous un accompagnement ou une offre sur mesure pour les \u00e9tablissements ?\u00a0\u00bb _builder_version=\u00a0\u00bb4.24.2&Prime; _module_preset=\u00a0\u00bbdefault\u00a0\u00bb hover_enabled=\u00a0\u00bb0&Prime; sticky_enabled=\u00a0\u00bb0&Prime; open=\u00a0\u00bboff\u00a0\u00bb]<\/p>\n<p data-start=\"4035\" data-end=\"4127\">Oui. Nous offrons un <strong data-start=\"4056\" data-end=\"4087\">accompagnement personnalis\u00e9<\/strong> pour les h\u00f4tels, spas et r\u00e9sidences :<\/p>\n<ul data-start=\"4128\" data-end=\"4316\">\n<li data-start=\"4128\" data-end=\"4160\">\n<p data-start=\"4130\" data-end=\"4160\"><strong data-start=\"4130\" data-end=\"4157\">Audit du linge existant<\/strong>,<\/p>\n<\/li>\n<li data-start=\"4161\" data-end=\"4223\">\n<p data-start=\"4163\" data-end=\"4223\"><strong data-start=\"4163\" data-end=\"4220\">Proposition de gammes adapt\u00e9es \u00e0 votre positionnement<\/strong>,<\/p>\n<\/li>\n<li data-start=\"4224\" data-end=\"4254\">\n<p data-start=\"4226\" data-end=\"4254\"><strong data-start=\"4226\" data-end=\"4251\">Gestion des r\u00e9assorts<\/strong>,<\/p>\n<\/li>\n<li data-start=\"4255\" data-end=\"4316\">\n<p data-start=\"4257\" data-end=\"4316\"><strong data-start=\"4257\" data-end=\"4316\">Solutions de personnalisation et logistique simplifi\u00e9e.<\/strong><\/p>\n<\/li>\n<\/ul>\n<p data-start=\"4318\" data-end=\"4448\">Notre objectif : vous aider \u00e0 <strong data-start=\"4348\" data-end=\"4381\">am\u00e9liorer l\u2019exp\u00e9rience client<\/strong> tout en optimisant la <strong data-start=\"4404\" data-end=\"4447\">gestion et la durabilit\u00e9 de votre linge<\/strong>.<\/p>\n<p>[\/et_pb_accordion_item][et_pb_accordion_item title=\u00a0\u00bbOffrez-vous un service cl\u00e9 en main pour les nouveaux \u00e9tablissements ?\u00a0\u00bb _builder_version=\u00a0\u00bb4.24.2&Prime; _module_preset=\u00a0\u00bbdefault\u00a0\u00bb hover_enabled=\u00a0\u00bb0&Prime; sticky_enabled=\u00a0\u00bb0&Prime;]<\/p>\n<p data-start=\"2043\" data-end=\"2271\">Absolument. Nous accompagnons les h\u00f4tels en ouverture ou en r\u00e9novation dans le choix complet du linge, des collections adapt\u00e9es au positionnement et au style de l\u2019\u00e9tablissement, jusqu\u2019\u00e0 la livraison et mise en place.<\/p>\n<p>[\/et_pb_accordion_item][et_pb_accordion_item title=\u00a0\u00bbProposez-vous des formations ou conseils d\u2019entretien pour le personnel h\u00f4telier ?\u00a0\u00bb _builder_version=\u00a0\u00bb4.24.2&Prime; _module_preset=\u00a0\u00bbdefault\u00a0\u00bb hover_enabled=\u00a0\u00bb0&Prime; sticky_enabled=\u00a0\u00bb0&Prime;]<\/p>\n<p data-start=\"4160\" data-end=\"4415\">Oui. Nous proposons des sessions de formation courtes sur les bonnes pratiques d\u2019entretien, d\u2019utilisation et de gestion du linge.<br data-start=\"4293\" data-end=\"4296\" \/>Ces programmes permettent de prolonger la dur\u00e9e de vie du linge et de pr\u00e9server la qualit\u00e9 d\u2019exp\u00e9rience client.<\/p>\n<p>[\/et_pb_accordion_item][\/et_pb_accordion][et_pb_text _builder_version=\u00a0\u00bb4.21.0&Prime; _module_preset=\u00a0\u00bbdefault\u00a0\u00bb header_2_text_color=\u00a0\u00bb#AD9499&Prime; header_2_font_size=\u00a0\u00bb30px\u00a0\u00bb global_colors_info=\u00a0\u00bb{}\u00a0\u00bb]<\/p>\n<h2>FAQ PAIEMENT<\/h2>\n<p>[\/et_pb_text][et_pb_accordion open_toggle_text_color=\u00a0\u00bb#154D7F\u00a0\u00bb closed_toggle_background_color=\u00a0\u00bb#F7F7F7&Prime; icon_color=\u00a0\u00bb#AD9499&Prime; _builder_version=\u00a0\u00bb4.24.2&Prime; _module_preset=\u00a0\u00bbdefault\u00a0\u00bb toggle_text_color=\u00a0\u00bb#154D7F\u00a0\u00bb toggle_level=\u00a0\u00bbh3&Prime; toggle_font=\u00a0\u00bbOpen Sans||||||||\u00a0\u00bb toggle_font_size=\u00a0\u00bb16px\u00a0\u00bb toggle_letter_spacing=\u00a0\u00bb2px\u00a0\u00bb toggle_line_height=\u00a0\u00bb1.1em\u00a0\u00bb custom_margin_tablet=\u00a0\u00bb\u00a0\u00bb custom_margin_phone=\u00a0\u00bb||22px||false|false\u00a0\u00bb custom_margin_last_edited=\u00a0\u00bbon|phone\u00a0\u00bb global_colors_info=\u00a0\u00bb{}\u00a0\u00bb][et_pb_accordion_item title=\u00a0\u00bbVotre site est-il s\u00e9curis\u00e9 ?\u00a0\u00bb open=\u00a0\u00bbon\u00a0\u00bb _builder_version=\u00a0\u00bb4.24.2&Prime; _module_preset=\u00a0\u00bbdefault\u00a0\u00bb global_colors_info=\u00a0\u00bb{}\u00a0\u00bb]<\/p>\n<p>Oui, le paiement sur comptoirdubambou.com est parfaitement s\u00e9curis\u00e9.<\/p>\n<p data-start=\"3252\" data-end=\"3400\">Toutes les transactions sont prot\u00e9g\u00e9es via un protocole SSL et trait\u00e9es par des prestataires certifi\u00e9s.<\/p>\n<p>[\/et_pb_accordion_item][et_pb_accordion_item title=\u00a0\u00bbQuels modes de paiement acceptez-vous ?\u00a0\u00bb _builder_version=\u00a0\u00bb4.24.2&Prime; _module_preset=\u00a0\u00bbdefault\u00a0\u00bb global_colors_info=\u00a0\u00bb{}\u00a0\u00bb open=\u00a0\u00bboff\u00a0\u00bb]<\/p>\n<p>Chez Comptoir du Bambou, 3 moyens de paiement vous sont propos\u00e9s pour r\u00e9gler votre commande :<\/p>\n<p>&#8211; Le paiement par carte bancaire (Visa, Master Card ou American Express) avec Stripe<\/p>\n<p>&#8211; Le paiement par PayPal. Avec PayPal, vous avez la possibilit\u00e9 de r\u00e9gler votre commande en 3X<\/p>\n<p>&#8211; Le paiement en 4X avec Alma<\/p>\n<p>Concernant le paiement en 3X ou en 4X est gratuit. L&rsquo;\u00e9ch\u00e9ancier de paiement vous sera communiqu\u00e9 lors de la validation de votre commande et un email de notre partenaire vous sera \u00e9galement transmis.<\/p>\n<p>[\/et_pb_accordion_item][et_pb_accordion_item title=\u00a0\u00bbComment puis-je b\u00e9n\u00e9ficier du paiement en 3x ou 4x ?\u00a0\u00bb _builder_version=\u00a0\u00bb4.21.0&Prime; _module_preset=\u00a0\u00bbdefault\u00a0\u00bb global_colors_info=\u00a0\u00bb{}\u00a0\u00bb open=\u00a0\u00bboff\u00a0\u00bb]<\/p>\n<p><span>Lors du r\u00e8glement de votre commande, vous n&rsquo;avez qu&rsquo;\u00e0 s\u00e9lectionner un de nos partenaires (Alma ou PayPal) qui offrent cette solution.<\/span><\/p>\n<p>[\/et_pb_accordion_item][\/et_pb_accordion][et_pb_text _builder_version=\u00a0\u00bb4.21.0&Prime; _module_preset=\u00a0\u00bbdefault\u00a0\u00bb header_2_text_color=\u00a0\u00bb#AD9499&Prime; header_2_font_size=\u00a0\u00bb30px\u00a0\u00bb global_colors_info=\u00a0\u00bb{}\u00a0\u00bb]<\/p>\n<h2>FAQ COMMANDES<\/h2>\n<p>[\/et_pb_text][et_pb_accordion open_toggle_text_color=\u00a0\u00bb#154D7F\u00a0\u00bb closed_toggle_background_color=\u00a0\u00bb#F7F7F7&Prime; icon_color=\u00a0\u00bb#AD9499&Prime; _builder_version=\u00a0\u00bb4.21.0&Prime; _module_preset=\u00a0\u00bbdefault\u00a0\u00bb toggle_text_color=\u00a0\u00bb#154D7F\u00a0\u00bb toggle_level=\u00a0\u00bbh3&Prime; toggle_font=\u00a0\u00bbOpen Sans||||||||\u00a0\u00bb toggle_font_size=\u00a0\u00bb16px\u00a0\u00bb toggle_letter_spacing=\u00a0\u00bb2px\u00a0\u00bb toggle_line_height=\u00a0\u00bb1.1em\u00a0\u00bb custom_margin_tablet=\u00a0\u00bb\u00a0\u00bb custom_margin_phone=\u00a0\u00bb||22px||false|false\u00a0\u00bb custom_margin_last_edited=\u00a0\u00bbon|phone\u00a0\u00bb global_colors_info=\u00a0\u00bb{}\u00a0\u00bb][et_pb_accordion_item title=\u00a0\u00bbPuis-je modifier un \u00e9l\u00e9ment de ma commande ?\u00a0\u00bb open=\u00a0\u00bbon\u00a0\u00bb _builder_version=\u00a0\u00bb4.21.0&Prime; _module_preset=\u00a0\u00bbdefault\u00a0\u00bb global_colors_info=\u00a0\u00bb{}\u00a0\u00bb]<\/p>\n<p>Si vous souhaitez modifier votre commande, il faut nous contacter rapidement \u00e0 l&rsquo;adresse suivante : <a href=\"mailto:contact@comptoir\">contact@comptoirdubambou.com<\/a><\/p>\n<p>&nbsp;<\/p>\n<p>[\/et_pb_accordion_item][et_pb_accordion_item title=\u00a0\u00bbComment savoir si ma commande a bien \u00e9t\u00e9 prise en compte ?\u00a0\u00bb _builder_version=\u00a0\u00bb4.21.0&Prime; _module_preset=\u00a0\u00bbdefault\u00a0\u00bb global_colors_info=\u00a0\u00bb{}\u00a0\u00bb open=\u00a0\u00bboff\u00a0\u00bb]<\/p>\n<p>Votre commande a bien \u00e9t\u00e9 prise en compte si vous avez re\u00e7u un e-mail de confirmation dans les minutes qui suivent votre passage de commande. Si ce n&rsquo;est pas le cas, n&rsquo;h\u00e9sitez pas \u00e0 nous envoyer un mail \u00e0 l&rsquo;adresse suivante : <a href=\"mailto:contact@comptoirdubambou.com\">contact@comptoirdubambou.com<\/a><\/p>\n<p>[\/et_pb_accordion_item][et_pb_accordion_item title=\u00a0\u00bbQuel est le statut de ma commande ?\u00a0\u00bb _builder_version=\u00a0\u00bb4.21.0&Prime; _module_preset=\u00a0\u00bbdefault\u00a0\u00bb global_colors_info=\u00a0\u00bb{}\u00a0\u00bb open=\u00a0\u00bboff\u00a0\u00bb]<\/p>\n<p><span>Vos produits sont exp\u00e9di\u00e9ssous 24h apr\u00e8s le passage de votre commande (hors week-end et jours f\u00e9ri\u00e9s). Vous recevrez donc dans les 24-48h suivant votre commande un mail de confirmation d\u2019envoi contenant un lien de suivi de livraison. Si vous ne recevez pas ce mail de confirmation dans les 5 jours qui suivent votre commande, nous vous invitons \u00e0 nous contacter \u00e0 l\u2019adresse <\/span><a href=\"mailto:bonjour@bonsoirs.com\">contact@comptoirdubambou.com<\/a><\/p>\n<p>[\/et_pb_accordion_item][\/et_pb_accordion][et_pb_text _builder_version=\u00a0\u00bb4.21.0&Prime; _module_preset=\u00a0\u00bbdefault\u00a0\u00bb header_2_text_color=\u00a0\u00bb#AD9499&Prime; header_2_font_size=\u00a0\u00bb30px\u00a0\u00bb custom_margin=\u00a0\u00bb||22px|||\u00a0\u00bb global_colors_info=\u00a0\u00bb{}\u00a0\u00bb]<\/p>\n<h2>FAQ LIVRAISON<\/h2>\n<p>[\/et_pb_text][et_pb_accordion open_toggle_text_color=\u00a0\u00bb#154D7F\u00a0\u00bb closed_toggle_background_color=\u00a0\u00bb#F7F7F7&Prime; icon_color=\u00a0\u00bb#AD9499&Prime; _builder_version=\u00a0\u00bb4.21.0&Prime; _module_preset=\u00a0\u00bbdefault\u00a0\u00bb toggle_text_color=\u00a0\u00bb#154D7F\u00a0\u00bb toggle_level=\u00a0\u00bbh3&Prime; toggle_font=\u00a0\u00bbOpen Sans||||||||\u00a0\u00bb toggle_font_size=\u00a0\u00bb16px\u00a0\u00bb toggle_letter_spacing=\u00a0\u00bb2px\u00a0\u00bb toggle_line_height=\u00a0\u00bb1.1em\u00a0\u00bb custom_margin_tablet=\u00a0\u00bb\u00a0\u00bb custom_margin_phone=\u00a0\u00bb||22px||false|false\u00a0\u00bb custom_margin_last_edited=\u00a0\u00bbon|phone\u00a0\u00bb global_colors_info=\u00a0\u00bb{}\u00a0\u00bb][et_pb_accordion_item title=\u00a0\u00bbQuels sont les tarifs de livraison ?\u00a0\u00bb _builder_version=\u00a0\u00bb4.21.0&Prime; _module_preset=\u00a0\u00bbdefault\u00a0\u00bb global_colors_info=\u00a0\u00bb{}\u00a0\u00bb open=\u00a0\u00bbon\u00a0\u00bb]<\/p>\n<p>Les frais d&rsquo;exp\u00e9dition varient en fonction du mode et du lieu de livraison choisis. <\/p>\n<p>[\/et_pb_accordion_item][et_pb_accordion_item title=\u00a0\u00bbQuels sont les d\u00e9lais de livraison ?\u00a0\u00bb _builder_version=\u00a0\u00bb4.21.0&Prime; _module_preset=\u00a0\u00bbdefault\u00a0\u00bb global_colors_info=\u00a0\u00bb{}\u00a0\u00bb open=\u00a0\u00bboff\u00a0\u00bb]<\/p>\n<p>Vos commandes sont pr\u00e9par\u00e9es par nos \u00e9quipes logistiques dans les 2 jours (hors week-end et jours f\u00e9ri\u00e9s) qui suivent votre commande. D\u00e8s pris en charge par le transporteur un email vous sera envoy\u00e9 pour vous confirmer l&rsquo;exp\u00e9dition.<\/p>\n<p>Vous serez ensuite livr\u00e9s sous 2 \u00e0 4 jours ouvr\u00e9s pour une livraison en France via Colissimo, en 5 \u00e0 7 jours pour une livraison en points relais, et en 1 \u00e0 2 jours pour une livraison express via Chronopost.<\/p>\n<p>Pour les livraisons hors France Metropolitaine, votre commande est pr\u00e9par\u00e9e et remise au transporteur sous 48h. Ensuite, selon la zone g\u00e9ographique et le transporteur s\u00e9lectionn\u00e9, les d\u00e9lais de livraison estimatifs sont compris 5 \u00e0 20 jours.<\/p>\n<p>&nbsp;<\/p>\n<p>[\/et_pb_accordion_item][et_pb_accordion_item title=\u00a0\u00bbComment suivre la livraison de ma commande ?\u00a0\u00bb _builder_version=\u00a0\u00bb4.21.0&Prime; _module_preset=\u00a0\u00bbdefault\u00a0\u00bb global_colors_info=\u00a0\u00bb{}\u00a0\u00bb open=\u00a0\u00bboff\u00a0\u00bb]<\/p>\n<p><span>Lors de la confirmation de votre commande, vous recevrez un lien de tracking vous permettant de suivre les diff\u00e9rentes \u00e9tapes de la livraison.<\/span>\u00a0<\/p>\n<p>[\/et_pb_accordion_item][et_pb_accordion_item title=\u00a0\u00bbQuels modes de livraison proposez-vous ?\u00a0\u00bb _builder_version=\u00a0\u00bb4.21.0&Prime; _module_preset=\u00a0\u00bbdefault\u00a0\u00bb global_colors_info=\u00a0\u00bb{}\u00a0\u00bb open=\u00a0\u00bboff\u00a0\u00bb]<\/p>\n<p><span>Tous les produits Comptoir du Bambou peuvent \u00eatre exp\u00e9di\u00e9s par la Poste via Colissimo, en livraison express via Chronopost ou livr\u00e9s en points relais via Mondial Relay.<\/span><\/p>\n<p>[\/et_pb_accordion_item][et_pb_accordion_item title=\u00a0\u00bbPuis-je me faire livrer \u00e0 l\u2019\u00e9tranger ?\u00a0\u00bb open=\u00a0\u00bboff\u00a0\u00bb _builder_version=\u00a0\u00bb4.21.0&Prime; _module_preset=\u00a0\u00bbdefault\u00a0\u00bb global_colors_info=\u00a0\u00bb{}\u00a0\u00bb]<\/p>\n<div data-mobile-accordion=\"mobile-faq__livraison\" class=\"faq-group\">\n<div id=\"faq-group-6\" class=\"faq-group__answer\" data-accordion-panel=\"\">\n<p>Oui, nous livrons vers<\/p>\n<ul>\n<li>les pays de l\u2019Union europ\u00e9enne en 5 \u00e0 10 jours ouvr\u00e9s apr\u00e8s exp\u00e9dition de la commande.<\/li>\n<li>les pays Asiatiques en 5 \u00e0 20 jours ouvr\u00e9s apr\u00e8s exp\u00e9dition de la commande.<\/li>\n<li>les USA et le Canada en 5 \u00e0 20 jours ouvr\u00e9s apr\u00e8s exp\u00e9dition de la commande.<\/li>\n<li>les Caraibes en 10 \u00e0 20 jours ouvr\u00e9s apr\u00e8s exp\u00e9dition de la commande.<\/li>\n<li>les Emirats Arabes Unis en 5 \u00e0 10 jours ouvr\u00e9s apr\u00e8s exp\u00e9dition de la commande.<\/li>\n<\/ul>\n<p>Les frais de livraison sont de calcul\u00e9s en fonction des conditions douani\u00e8res de chaque pays.<\/p>\n<\/div>\n<\/div>\n<div class=\"pt-50 pt-pocket-20 pb-20 faq-group__title\"><\/div>\n<p>[\/et_pb_accordion_item][\/et_pb_accordion][et_pb_text _builder_version=\u00a0\u00bb4.21.0&Prime; _module_preset=\u00a0\u00bbdefault\u00a0\u00bb header_2_font=\u00a0\u00bb|||on|||||\u00a0\u00bb header_2_text_color=\u00a0\u00bb#AD9499&Prime; header_2_font_size=\u00a0\u00bb30px\u00a0\u00bb global_colors_info=\u00a0\u00bb{}\u00a0\u00bb]<\/p>\n<h2>FAQ RETOURS &amp; \u00e9CHANGES<\/h2>\n<p>[\/et_pb_text][\/et_pb_column][\/et_pb_row][et_pb_row _builder_version=\u00a0\u00bb4.16&Prime; _module_preset=\u00a0\u00bbdefault\u00a0\u00bb width=\u00a0\u00bb85%\u00a0\u00bb max_width=\u00a0\u00bb1280px\u00a0\u00bb custom_margin=\u00a0\u00bb-42px|auto||auto||\u00a0\u00bb global_colors_info=\u00a0\u00bb{}\u00a0\u00bb][et_pb_column type=\u00a0\u00bb4_4&Prime; _builder_version=\u00a0\u00bb4.16&Prime; _module_preset=\u00a0\u00bbdefault\u00a0\u00bb global_colors_info=\u00a0\u00bb{}\u00a0\u00bb][et_pb_accordion open_toggle_text_color=\u00a0\u00bb#154D7F\u00a0\u00bb closed_toggle_background_color=\u00a0\u00bb#F7F7F7&Prime; icon_color=\u00a0\u00bb#AD9499&Prime; _builder_version=\u00a0\u00bb4.21.0&Prime; _module_preset=\u00a0\u00bbdefault\u00a0\u00bb toggle_text_color=\u00a0\u00bb#154D7F\u00a0\u00bb toggle_level=\u00a0\u00bbh3&Prime; toggle_font=\u00a0\u00bbOpen Sans||||||||\u00a0\u00bb toggle_font_size=\u00a0\u00bb16px\u00a0\u00bb toggle_letter_spacing=\u00a0\u00bb2px\u00a0\u00bb toggle_line_height=\u00a0\u00bb1.1em\u00a0\u00bb custom_margin_tablet=\u00a0\u00bb\u00a0\u00bb custom_margin_phone=\u00a0\u00bb||22px||false|false\u00a0\u00bb custom_margin_last_edited=\u00a0\u00bbon|phone\u00a0\u00bb global_colors_info=\u00a0\u00bb{}\u00a0\u00bb][et_pb_accordion_item title=\u00a0\u00bbQuelles sont vos conditions de retour ?\u00a0\u00bb open=\u00a0\u00bbon\u00a0\u00bb _builder_version=\u00a0\u00bb4.21.0&Prime; _module_preset=\u00a0\u00bbdefault\u00a0\u00bb global_colors_info=\u00a0\u00bb{}\u00a0\u00bb]<\/p>\n<p>Vous avez un d\u00e9lais l\u00e9gal de 14 jours pour effectuer un \u00e9change ou un retour.<\/p>\n<p>D\u00e8s la r\u00e9ception de votre demande, vous receverez une etiquette pour nous retourner la marchandise.<\/p>\n<p>ECHANGE<\/p>\n<p>A reception, si la marchandise est d\u00e9clar\u00e9e en \u00e9tat \u00ab\u00a0conforme\u00a0\u00bb, nous proc\u00e8derons \u00e0 l&rsquo;\u00e9change sous 10 jours.<\/p>\n<p>RETOUR<\/p>\n<p>A reception, si la marchandise est d\u00e9clar\u00e9e en \u00e9tat \u00ab\u00a0conforme\u00a0\u00bb, nous proc\u00e8derons au remboursement sous 10 jours. Il sera retenu 10\u20ac de frais de retour sur votre remboursement.<\/p>\n<p>[\/et_pb_accordion_item][et_pb_accordion_item title=\u00a0\u00bbComment effectuer un retour ?\u00a0\u00bb _builder_version=\u00a0\u00bb4.21.0&Prime; _module_preset=\u00a0\u00bbdefault\u00a0\u00bb global_colors_info=\u00a0\u00bb{}\u00a0\u00bb open=\u00a0\u00bboff\u00a0\u00bb]<\/p>\n<p>Il faut nous contacter \u00e0 l&rsquo;adresse <a href=\"mailto:contact@comptoir\">contact@comptoirdubambou.com<\/a><\/p>\n<p>&nbsp;<\/p>\n<p>[\/et_pb_accordion_item][et_pb_accordion_item title=\u00a0\u00bbPuis-je effectuer un \u00e9change ?\u00a0\u00bb _builder_version=\u00a0\u00bb4.21.0&Prime; _module_preset=\u00a0\u00bbdefault\u00a0\u00bb global_colors_info=\u00a0\u00bb{}\u00a0\u00bb open=\u00a0\u00bboff\u00a0\u00bb]<\/p>\n<p>Oui, il faut nous contacter \u00e0 l&rsquo;adresse <a href=\"mailto:contact@comptoirdubambou.com\">contact@comptoirdubambou.com<\/a><\/p>\n<p>&nbsp;<\/p>\n<p>[\/et_pb_accordion_item][\/et_pb_accordion][\/et_pb_column][\/et_pb_row][et_pb_row use_custom_gutter=\u00a0\u00bbon\u00a0\u00bb gutter_width=\u00a0\u00bb4&Prime; make_equal=\u00a0\u00bbon\u00a0\u00bb _builder_version=\u00a0\u00bb4.21.0&Prime; _module_preset=\u00a0\u00bbdefault\u00a0\u00bb width=\u00a0\u00bb100%\u00a0\u00bb max_width=\u00a0\u00bb1226px\u00a0\u00bb custom_padding=\u00a0\u00bb||24px|||\u00a0\u00bb global_colors_info=\u00a0\u00bb{}\u00a0\u00bb][et_pb_column type=\u00a0\u00bb4_4&Prime; _builder_version=\u00a0\u00bb4.21.0&Prime; _module_preset=\u00a0\u00bbdefault\u00a0\u00bb global_colors_info=\u00a0\u00bb{}\u00a0\u00bb][et_pb_post_nav in_same_term=\u00a0\u00bbon\u00a0\u00bb show_prev=\u00a0\u00bboff\u00a0\u00bb show_next=\u00a0\u00bboff\u00a0\u00bb _builder_version=\u00a0\u00bb4.21.0&Prime; _module_preset=\u00a0\u00bbdefault\u00a0\u00bb global_colors_info=\u00a0\u00bb{}\u00a0\u00bb][\/et_pb_post_nav][\/et_pb_column][\/et_pb_row][\/et_pb_section]<\/p>\n","protected":false},"excerpt":{"rendered":"<p>questions fr\u00e9quentesBienvenue dans la FAQ Comptoir du Bambou en esp\u00e9rant r\u00e9pondre \u00e0 toutes vos questions.FAQ PRODUITSQuestions G\u00e9naralesComptoir du Bambou est une marque fran\u00e7aise sp\u00e9cialis\u00e9e dans le linge de maison haut de gamme fabriqu\u00e9 \u00e0 partir de fibres naturelles de bambou. Nous proposons des collections de linge de lit, linge de bain, couettes et oreiller et [&hellip;]<\/p>\n","protected":false},"author":473,"featured_media":0,"parent":0,"menu_order":0,"comment_status":"closed","ping_status":"closed","template":"","meta":{"_et_pb_use_builder":"on","_et_pb_old_content":"","_et_gb_content_width":"","footnotes":""},"class_list":["post-247695","page","type-page","status-publish","hentry"],"yoast_head":"<!-- This site is optimized with the Yoast SEO plugin v27.4 - https:\/\/yoast.com\/product\/yoast-seo-wordpress\/ -->\n<title>FAQ - Comptoir du Bambou<\/title>\n<meta name=\"description\" content=\"Bienvenue dans notre FAQ Comptoir du Bambou. Nous avons r\u00e9pondu \u00e0 certaines des questions fr\u00e9quemment pos\u00e9es par nos clients.\" \/>\n<meta name=\"robots\" content=\"index, follow, max-snippet:-1, max-image-preview:large, max-video-preview:-1\" \/>\n<link rel=\"canonical\" href=\"https:\/\/www.comptoirdubambou.com\/en\/faq\/\" \/>\n<meta property=\"og:locale\" content=\"en_GB\" \/>\n<meta property=\"og:type\" content=\"article\" \/>\n<meta property=\"og:title\" content=\"FAQ - Comptoir du Bambou\" \/>\n<meta property=\"og:description\" content=\"Bienvenue dans notre FAQ Comptoir du Bambou. Nous avons r\u00e9pondu \u00e0 certaines des questions fr\u00e9quemment pos\u00e9es par nos clients.\" \/>\n<meta property=\"og:url\" content=\"https:\/\/www.comptoirdubambou.com\/en\/faq\/\" \/>\n<meta property=\"og:site_name\" content=\"Comptoir du Bambou\" \/>\n<meta property=\"article:publisher\" content=\"https:\/\/www.facebook.com\/comptoirdubambou\/\" \/>\n<meta property=\"article:modified_time\" content=\"2025-10-24T15:07:47+00:00\" \/>\n<meta name=\"twitter:card\" content=\"summary_large_image\" \/>\n<meta name=\"twitter:label1\" content=\"Estimated reading time\" \/>\n\t<meta name=\"twitter:data1\" content=\"18 minutes\" \/>\n<script type=\"application\/ld+json\" class=\"yoast-schema-graph\">{\"@context\":\"https:\\\/\\\/schema.org\",\"@graph\":[{\"@type\":\"WebPage\",\"@id\":\"https:\\\/\\\/www.comptoirdubambou.com\\\/faq\\\/\",\"url\":\"https:\\\/\\\/www.comptoirdubambou.com\\\/faq\\\/\",\"name\":\"FAQ - Comptoir du Bambou\",\"isPartOf\":{\"@id\":\"https:\\\/\\\/www.comptoirdubambou.com\\\/#website\"},\"datePublished\":\"2023-05-09T12:09:44+00:00\",\"dateModified\":\"2025-10-24T15:07:47+00:00\",\"description\":\"Bienvenue dans notre FAQ Comptoir du Bambou. Nous avons r\u00e9pondu \u00e0 certaines des questions fr\u00e9quemment pos\u00e9es par nos clients.\",\"breadcrumb\":{\"@id\":\"https:\\\/\\\/www.comptoirdubambou.com\\\/faq\\\/#breadcrumb\"},\"inLanguage\":\"en-GB\",\"potentialAction\":[{\"@type\":\"ReadAction\",\"target\":[\"https:\\\/\\\/www.comptoirdubambou.com\\\/faq\\\/\"]}]},{\"@type\":\"BreadcrumbList\",\"@id\":\"https:\\\/\\\/www.comptoirdubambou.com\\\/faq\\\/#breadcrumb\",\"itemListElement\":[{\"@type\":\"ListItem\",\"position\":1,\"name\":\"Accueil\",\"item\":\"https:\\\/\\\/www.comptoirdubambou.com\\\/\"},{\"@type\":\"ListItem\",\"position\":2,\"name\":\"FAQ\"}]},{\"@type\":\"WebSite\",\"@id\":\"https:\\\/\\\/www.comptoirdubambou.com\\\/#website\",\"url\":\"https:\\\/\\\/www.comptoirdubambou.com\\\/\",\"name\":\"Comptoir du Bambou\",\"description\":\"Linge de maison haut de gamme en fibre de bambou\",\"publisher\":{\"@id\":\"https:\\\/\\\/www.comptoirdubambou.com\\\/#organization\"},\"potentialAction\":[{\"@type\":\"SearchAction\",\"target\":{\"@type\":\"EntryPoint\",\"urlTemplate\":\"https:\\\/\\\/www.comptoirdubambou.com\\\/?s={search_term_string}\"},\"query-input\":{\"@type\":\"PropertyValueSpecification\",\"valueRequired\":true,\"valueName\":\"search_term_string\"}}],\"inLanguage\":\"en-GB\"},{\"@type\":\"Organization\",\"@id\":\"https:\\\/\\\/www.comptoirdubambou.com\\\/#organization\",\"name\":\"Comptoir du Bambou\",\"url\":\"https:\\\/\\\/www.comptoirdubambou.com\\\/\",\"logo\":{\"@type\":\"ImageObject\",\"inLanguage\":\"en-GB\",\"@id\":\"https:\\\/\\\/www.comptoirdubambou.com\\\/#\\\/schema\\\/logo\\\/image\\\/\",\"url\":\"https:\\\/\\\/www.comptoirdubambou.com\\\/wp-content\\\/uploads\\\/2021\\\/06\\\/Logo_Comptoir_du_Bambou_2019_V_CMJN.png\",\"contentUrl\":\"https:\\\/\\\/www.comptoirdubambou.com\\\/wp-content\\\/uploads\\\/2021\\\/06\\\/Logo_Comptoir_du_Bambou_2019_V_CMJN.png\",\"width\":644,\"height\":183,\"caption\":\"Comptoir du Bambou\"},\"image\":{\"@id\":\"https:\\\/\\\/www.comptoirdubambou.com\\\/#\\\/schema\\\/logo\\\/image\\\/\"},\"sameAs\":[\"https:\\\/\\\/www.facebook.com\\\/comptoirdubambou\\\/\",\"https:\\\/\\\/www.instagram.com\\\/comptoirdubambou\\\/\",\"https:\\\/\\\/www.linkedin.com\\\/company\\\/18254596\\\/\"]}]}<\/script>\n<!-- \/ Yoast SEO plugin. -->","yoast_head_json":{"title":"FAQ - Comptoir du Bambou","description":"Bienvenue dans notre FAQ Comptoir du Bambou. Nous avons r\u00e9pondu \u00e0 certaines des questions fr\u00e9quemment pos\u00e9es par nos clients.","robots":{"index":"index","follow":"follow","max-snippet":"max-snippet:-1","max-image-preview":"max-image-preview:large","max-video-preview":"max-video-preview:-1"},"canonical":"https:\/\/www.comptoirdubambou.com\/en\/faq\/","og_locale":"en_GB","og_type":"article","og_title":"FAQ - Comptoir du Bambou","og_description":"Bienvenue dans notre FAQ Comptoir du Bambou. Nous avons r\u00e9pondu \u00e0 certaines des questions fr\u00e9quemment pos\u00e9es par nos clients.","og_url":"https:\/\/www.comptoirdubambou.com\/en\/faq\/","og_site_name":"Comptoir du Bambou","article_publisher":"https:\/\/www.facebook.com\/comptoirdubambou\/","article_modified_time":"2025-10-24T15:07:47+00:00","twitter_card":"summary_large_image","twitter_misc":{"Estimated reading time":"18 minutes"},"schema":{"@context":"https:\/\/schema.org","@graph":[{"@type":"WebPage","@id":"https:\/\/www.comptoirdubambou.com\/faq\/","url":"https:\/\/www.comptoirdubambou.com\/faq\/","name":"FAQ - Comptoir du Bambou","isPartOf":{"@id":"https:\/\/www.comptoirdubambou.com\/#website"},"datePublished":"2023-05-09T12:09:44+00:00","dateModified":"2025-10-24T15:07:47+00:00","description":"Bienvenue dans notre FAQ Comptoir du Bambou. Nous avons r\u00e9pondu \u00e0 certaines des questions fr\u00e9quemment pos\u00e9es par nos clients.","breadcrumb":{"@id":"https:\/\/www.comptoirdubambou.com\/faq\/#breadcrumb"},"inLanguage":"en-GB","potentialAction":[{"@type":"ReadAction","target":["https:\/\/www.comptoirdubambou.com\/faq\/"]}]},{"@type":"BreadcrumbList","@id":"https:\/\/www.comptoirdubambou.com\/faq\/#breadcrumb","itemListElement":[{"@type":"ListItem","position":1,"name":"Accueil","item":"https:\/\/www.comptoirdubambou.com\/"},{"@type":"ListItem","position":2,"name":"FAQ"}]},{"@type":"WebSite","@id":"https:\/\/www.comptoirdubambou.com\/#website","url":"https:\/\/www.comptoirdubambou.com\/","name":"Comptoir du Bambou","description":"High quality household linen made of bamboo fibre","publisher":{"@id":"https:\/\/www.comptoirdubambou.com\/#organization"},"potentialAction":[{"@type":"SearchAction","target":{"@type":"EntryPoint","urlTemplate":"https:\/\/www.comptoirdubambou.com\/?s={search_term_string}"},"query-input":{"@type":"PropertyValueSpecification","valueRequired":true,"valueName":"search_term_string"}}],"inLanguage":"en-GB"},{"@type":"Organization","@id":"https:\/\/www.comptoirdubambou.com\/#organization","name":"Comptoir du Bambou","url":"https:\/\/www.comptoirdubambou.com\/","logo":{"@type":"ImageObject","inLanguage":"en-GB","@id":"https:\/\/www.comptoirdubambou.com\/#\/schema\/logo\/image\/","url":"https:\/\/www.comptoirdubambou.com\/wp-content\/uploads\/2021\/06\/Logo_Comptoir_du_Bambou_2019_V_CMJN.png","contentUrl":"https:\/\/www.comptoirdubambou.com\/wp-content\/uploads\/2021\/06\/Logo_Comptoir_du_Bambou_2019_V_CMJN.png","width":644,"height":183,"caption":"Comptoir du Bambou"},"image":{"@id":"https:\/\/www.comptoirdubambou.com\/#\/schema\/logo\/image\/"},"sameAs":["https:\/\/www.facebook.com\/comptoirdubambou\/","https:\/\/www.instagram.com\/comptoirdubambou\/","https:\/\/www.linkedin.com\/company\/18254596\/"]}]}},"_links":{"self":[{"href":"https:\/\/www.comptoirdubambou.com\/en\/wp-json\/wp\/v2\/pages\/247695","targetHints":{"allow":["GET"]}}],"collection":[{"href":"https:\/\/www.comptoirdubambou.com\/en\/wp-json\/wp\/v2\/pages"}],"about":[{"href":"https:\/\/www.comptoirdubambou.com\/en\/wp-json\/wp\/v2\/types\/page"}],"author":[{"embeddable":true,"href":"https:\/\/www.comptoirdubambou.com\/en\/wp-json\/wp\/v2\/users\/473"}],"replies":[{"embeddable":true,"href":"https:\/\/www.comptoirdubambou.com\/en\/wp-json\/wp\/v2\/comments?post=247695"}],"version-history":[{"count":0,"href":"https:\/\/www.comptoirdubambou.com\/en\/wp-json\/wp\/v2\/pages\/247695\/revisions"}],"wp:attachment":[{"href":"https:\/\/www.comptoirdubambou.com\/en\/wp-json\/wp\/v2\/media?parent=247695"}],"curies":[{"name":"wp","href":"https:\/\/api.w.org\/{rel}","templated":true}]}}